{"id":595,"date":"2015-11-18T12:04:22","date_gmt":"2015-11-18T18:04:22","guid":{"rendered":"http:\/\/tonala.gob.mx\/portal\/?page_id=595"},"modified":"2026-04-13T20:40:52","modified_gmt":"2026-04-14T02:40:52","slug":"presidencia-municipal","status":"publish","type":"page","link":"https:\/\/tonala.gob.mx\/portal\/presidencia-municipal\/","title":{"rendered":"Presidencia Municipal"},"content":{"rendered":"\n<div class=\"wp-block-group is-layout-flow wp-block-group-is-layout-flow\">\n<figure class=\"wp-block-table is-style-regular\">\n<table class=\"has-fixed-layout\">\n<tbody>\n<tr>\n<td class=\"has-text-align-center\" data-align=\"center\"><img fetchpriority=\"high\" decoding=\"async\" class=\"size-large wp-image-36411 alignnone\" src=\"https:\/\/tonala.gob.mx\/portal\/wp-content\/uploads\/2024\/10\/CARLOS-MARTINEZ-MAGUEY-683x1024.jpg\" alt=\"\" width=\"683\" height=\"1024\" srcset=\"https:\/\/tonala.gob.mx\/portal\/wp-content\/uploads\/2024\/10\/CARLOS-MARTINEZ-MAGUEY-683x1024.jpg 683w, https:\/\/tonala.gob.mx\/portal\/wp-content\/uploads\/2024\/10\/CARLOS-MARTINEZ-MAGUEY-200x300.jpg 200w, https:\/\/tonala.gob.mx\/portal\/wp-content\/uploads\/2024\/10\/CARLOS-MARTINEZ-MAGUEY-768x1152.jpg 768w, https:\/\/tonala.gob.mx\/portal\/wp-content\/uploads\/2024\/10\/CARLOS-MARTINEZ-MAGUEY-1024x1536.jpg 1024w, https:\/\/tonala.gob.mx\/portal\/wp-content\/uploads\/2024\/10\/CARLOS-MARTINEZ-MAGUEY-1365x2048.jpg 1365w, https:\/\/tonala.gob.mx\/portal\/wp-content\/uploads\/2024\/10\/CARLOS-MARTINEZ-MAGUEY-scaled.jpg 1707w\" sizes=\"(max-width: 683px) 100vw, 683px\" \/><\/td>\n<td class=\"has-text-align-left\" data-align=\"left\"><strong>Carlos Alberto Mart\u00ednez Maguey<br \/><\/strong>Jefatura de Gabinete<\/td>\n<td class=\"has-text-align-left\" data-align=\"left\"><strong>Tel\u00e9fono:<\/strong> 33 35 86 60 00\u00a0<br \/><strong>Domicilio:<\/strong> Hidalgo 21 colonia Centro, Tonal\u00e1 Jalisco<br \/><strong>Correo Electr\u00f3nico: <\/strong><br \/>jefaturadegabinete@tonala.gob.mx\n<p><a href=\"https:\/\/tonala.gob.mx\/portal\/wp-content\/uploads\/2024\/10\/Carlos-Alberto-Martinez-Maguey.pdf\">Curr\u00edculo<\/a><\/p>\n<p><a href=\"https:\/\/portal-transparencia.tonala.gob.mx\/agenda-oficial-jefe-de-gabinete-carlos-alberto-martinez-maguey\/\">Agenda Oficial<\/a><\/p>\n<\/td>\n<\/tr>\n<tr>\n<td class=\"has-text-align-center\" data-align=\"center\">\u00a0<\/td>\n<td class=\"has-text-align-left\" data-align=\"left\"><strong><br \/><\/strong>Jefatura de la Agenda para el Desarrollo Municipal<\/td>\n<td class=\"has-text-align-left\" data-align=\"left\"><strong>Tel\u00e9fono:<\/strong> 33 35 86 60 00 Ext.1229<br \/><strong>Domicilio:<\/strong> Hidalgo 21 colonia Centro, Tonal\u00e1 Jalisco<br \/><strong>Correo Electr\u00f3nico: <\/strong><br \/>jef.agendaparaeldesarrollo@tonala.gob.mx\n<p>Curr\u00edculo<\/p>\n<p>Agenda Oficial<\/p>\n<\/td>\n<\/tr>\n<tr>\n<td class=\"has-text-align-center\" data-align=\"center\"><a href=\"https:\/\/tonala.gob.mx\/portal\/wp-content\/uploads\/2024\/10\/Susana-del-Socorro-Esparza-Perez-scaled.jpg\"><img decoding=\"async\" class=\"alignnone wp-image-36678 size-large\" src=\"https:\/\/tonala.gob.mx\/portal\/wp-content\/uploads\/2024\/10\/Susana-del-Socorro-Esparza-Perez-683x1024.jpg\" alt=\"\" width=\"683\" height=\"1024\" srcset=\"https:\/\/tonala.gob.mx\/portal\/wp-content\/uploads\/2024\/10\/Susana-del-Socorro-Esparza-Perez-683x1024.jpg 683w, https:\/\/tonala.gob.mx\/portal\/wp-content\/uploads\/2024\/10\/Susana-del-Socorro-Esparza-Perez-200x300.jpg 200w, https:\/\/tonala.gob.mx\/portal\/wp-content\/uploads\/2024\/10\/Susana-del-Socorro-Esparza-Perez-768x1152.jpg 768w, https:\/\/tonala.gob.mx\/portal\/wp-content\/uploads\/2024\/10\/Susana-del-Socorro-Esparza-Perez-1024x1536.jpg 1024w, https:\/\/tonala.gob.mx\/portal\/wp-content\/uploads\/2024\/10\/Susana-del-Socorro-Esparza-Perez-1365x2048.jpg 1365w, https:\/\/tonala.gob.mx\/portal\/wp-content\/uploads\/2024\/10\/Susana-del-Socorro-Esparza-Perez-scaled.jpg 1707w\" sizes=\"(max-width: 683px) 100vw, 683px\" \/><\/a><\/td>\n<td class=\"has-text-align-left\" data-align=\"left\"><strong>Susana del Socorro Esparza P\u00e9rez<br \/><\/strong>Jefatura de Mejora Regulatoria y COPLADEMUN<\/td>\n<td class=\"has-text-align-left\" data-align=\"left\"><strong>Tel\u00e9fono:<\/strong> 33 35 86 60 00 Ext.1229<br \/><strong>Domicilio:<\/strong> Hidalgo 21 colonia Centro, Tonal\u00e1 Jalisco<br \/><strong>Correo Electr\u00f3nico: <\/strong><br \/>jef.mejoraregulatoria@tonala.gob.mx\n<p>Curr\u00edculo<\/p>\n<p><a href=\"https:\/\/portal-transparencia.tonala.gob.mx\/agenda-oficial-jefa-de-mejora-regulatoria-lic-lorena-alicia-preciado-huerta\/\">Agenda Oficial<\/a><\/p>\n<p><a href=\"https:\/\/drive.google.com\/file\/d\/1mq4077kiPimTotnCVBYP8dEugEngOf50\/view?usp=drive_link\">Programa de Mejora Regulatoria<\/a><\/p>\n<\/td>\n<\/tr>\n<tr>\n<td class=\"has-text-align-center\" data-align=\"center\"><img decoding=\"async\" class=\"wp-image-36327 size-large alignnone\" src=\"https:\/\/tonala.gob.mx\/portal\/wp-content\/uploads\/2024\/10\/ISMAEL-ARTEAGA-PAJARITO-683x1024.jpg\" alt=\"\" width=\"683\" height=\"1024\" srcset=\"https:\/\/tonala.gob.mx\/portal\/wp-content\/uploads\/2024\/10\/ISMAEL-ARTEAGA-PAJARITO-683x1024.jpg 683w, https:\/\/tonala.gob.mx\/portal\/wp-content\/uploads\/2024\/10\/ISMAEL-ARTEAGA-PAJARITO-200x300.jpg 200w, https:\/\/tonala.gob.mx\/portal\/wp-content\/uploads\/2024\/10\/ISMAEL-ARTEAGA-PAJARITO-768x1152.jpg 768w, https:\/\/tonala.gob.mx\/portal\/wp-content\/uploads\/2024\/10\/ISMAEL-ARTEAGA-PAJARITO-1024x1536.jpg 1024w, https:\/\/tonala.gob.mx\/portal\/wp-content\/uploads\/2024\/10\/ISMAEL-ARTEAGA-PAJARITO-1365x2048.jpg 1365w, https:\/\/tonala.gob.mx\/portal\/wp-content\/uploads\/2024\/10\/ISMAEL-ARTEAGA-PAJARITO-scaled.jpg 1707w\" sizes=\"(max-width: 683px) 100vw, 683px\" \/><\/td>\n<td class=\"has-text-align-left\" data-align=\"left\"><strong>Ismael Arteaga Pajarito<\/strong>\n<p>Secretar\u00eda Particular<\/p>\n<\/td>\n<td class=\"has-text-align-left\" data-align=\"left\"><strong>Tel\u00e9fono: <\/strong>33 35 86 60 00 Ext.1008<br \/><strong>Domicilio: <\/strong>Hidalgo 21 colonia Centro, Tonal\u00e1 Jalisco<br \/><strong>Correo Electr\u00f3nico: <\/strong><br \/>secretariaparticular@tonala.gob.mx\n<p><a href=\"https:\/\/tonala.gob.mx\/portal\/wp-content\/uploads\/2021\/11\/Ismael-Arteaga-Pajarito-Curriculum.pdf\">Curr\u00edculo<\/a><\/p>\n<p><a href=\"https:\/\/portal-transparencia.tonala.gob.mx\/agenda-oficial-secretaria-particular-ismael-arteaga-pajarito\/\">Agenda Oficial<\/a><\/p>\n<\/td>\n<\/tr>\n<tr>\n<td class=\"has-text-align-center\" data-align=\"center\"><img loading=\"lazy\" decoding=\"async\" class=\"alignnone size-large wp-image-36339\" src=\"https:\/\/tonala.gob.mx\/portal\/wp-content\/uploads\/2024\/10\/JOSE-MUJICA-FRANCO-683x1024.jpg\" alt=\"\" width=\"683\" height=\"1024\" srcset=\"https:\/\/tonala.gob.mx\/portal\/wp-content\/uploads\/2024\/10\/JOSE-MUJICA-FRANCO-683x1024.jpg 683w, https:\/\/tonala.gob.mx\/portal\/wp-content\/uploads\/2024\/10\/JOSE-MUJICA-FRANCO-200x300.jpg 200w, https:\/\/tonala.gob.mx\/portal\/wp-content\/uploads\/2024\/10\/JOSE-MUJICA-FRANCO-768x1152.jpg 768w, https:\/\/tonala.gob.mx\/portal\/wp-content\/uploads\/2024\/10\/JOSE-MUJICA-FRANCO-1024x1536.jpg 1024w, https:\/\/tonala.gob.mx\/portal\/wp-content\/uploads\/2024\/10\/JOSE-MUJICA-FRANCO-1365x2048.jpg 1365w, https:\/\/tonala.gob.mx\/portal\/wp-content\/uploads\/2024\/10\/JOSE-MUJICA-FRANCO-scaled.jpg 1707w\" sizes=\"(max-width: 683px) 100vw, 683px\" \/><\/td>\n<td class=\"has-text-align-left\" data-align=\"left\"><strong>Jos\u00e9 Mojica Franco<\/strong>\n<p>Jefatura de Asuntos del Interior<\/p>\n<\/td>\n<td class=\"has-text-align-left\" data-align=\"left\"><strong>Tel\u00e9fono:<\/strong> 33 35 86 60 00 Ext.1216<br \/><strong>Domicilio:<\/strong> Hidalgo 21 colonia Centro, Tonal\u00e1 Jalisco<br \/><strong>Correo Electr\u00f3nico: <\/strong><br \/>jef.asuntosdelinterior@tonala.gob.mx\n<p>Curr\u00edculo<\/p>\n<p><a href=\"https:\/\/portal-transparencia.tonala.gob.mx\/agenda-oficial-jefe-de-asuntos-del-interior-prof-jose-mojica-franco\/\">Agenda Oficial<\/a><\/p>\n<\/td>\n<\/tr>\n<tr>\n<td class=\"has-text-align-center\" data-align=\"center\"><img loading=\"lazy\" decoding=\"async\" class=\"alignnone size-large wp-image-36346\" src=\"https:\/\/tonala.gob.mx\/portal\/wp-content\/uploads\/2024\/10\/MAYRA-INIGUEZ-BASULTO-683x1024.jpg\" alt=\"\" width=\"683\" height=\"1024\" srcset=\"https:\/\/tonala.gob.mx\/portal\/wp-content\/uploads\/2024\/10\/MAYRA-INIGUEZ-BASULTO-683x1024.jpg 683w, https:\/\/tonala.gob.mx\/portal\/wp-content\/uploads\/2024\/10\/MAYRA-INIGUEZ-BASULTO-200x300.jpg 200w, https:\/\/tonala.gob.mx\/portal\/wp-content\/uploads\/2024\/10\/MAYRA-INIGUEZ-BASULTO-768x1152.jpg 768w, https:\/\/tonala.gob.mx\/portal\/wp-content\/uploads\/2024\/10\/MAYRA-INIGUEZ-BASULTO-1024x1536.jpg 1024w, https:\/\/tonala.gob.mx\/portal\/wp-content\/uploads\/2024\/10\/MAYRA-INIGUEZ-BASULTO-1365x2048.jpg 1365w, https:\/\/tonala.gob.mx\/portal\/wp-content\/uploads\/2024\/10\/MAYRA-INIGUEZ-BASULTO-scaled.jpg 1707w\" sizes=\"(max-width: 683px) 100vw, 683px\" \/><\/td>\n<td class=\"has-text-align-left\" data-align=\"left\"><strong>Mayra Guadalupe I\u00f1iguez Basulto<\/strong>\n<p>Jefatura de Atenci\u00f3n a Eventos, Organismos de la Sociedad Civil y Religiosos<\/p>\n<\/td>\n<td class=\"has-text-align-left\" data-align=\"left\"><strong>Tel\u00e9fono:<\/strong> 33 35 86 60 00\u00a0<br \/><strong>Domicilio:<\/strong> Hidalgo 21 colonia Centro, Tonal\u00e1 Jalisco<br \/><strong>Correo Electr\u00f3nico: <\/strong><br \/>jef.atencionaeventos@tonala.gob.mx\n<p><a href=\"https:\/\/tonala.gob.mx\/portal\/wp-content\/uploads\/2021\/11\/Mayra-Guadalupe-Iniguez-Basulto-Curriculum.pdf\">Curr\u00edculo<\/a><\/p>\n<p><a href=\"https:\/\/portal-transparencia.tonala.gob.mx\/agenda-oficial-jefa-de-atencion-a-eventos-organismos-de-la-sociedad-civil-y-religiosos-mayra-guadalupe-iniguez-basulto\/\">Agenda Oficial<\/a><\/p>\n<\/td>\n<\/tr>\n<tr>\n<td class=\"has-text-align-center\" data-align=\"center\"><img loading=\"lazy\" decoding=\"async\" class=\"wp-image-36321 size-large alignnone\" src=\"https:\/\/tonala.gob.mx\/portal\/wp-content\/uploads\/2024\/10\/GEORGINA-INZUNZA-683x1024.jpg\" alt=\"\" width=\"683\" height=\"1024\" srcset=\"https:\/\/tonala.gob.mx\/portal\/wp-content\/uploads\/2024\/10\/GEORGINA-INZUNZA-683x1024.jpg 683w, https:\/\/tonala.gob.mx\/portal\/wp-content\/uploads\/2024\/10\/GEORGINA-INZUNZA-200x300.jpg 200w, https:\/\/tonala.gob.mx\/portal\/wp-content\/uploads\/2024\/10\/GEORGINA-INZUNZA-768x1152.jpg 768w, https:\/\/tonala.gob.mx\/portal\/wp-content\/uploads\/2024\/10\/GEORGINA-INZUNZA-1024x1536.jpg 1024w, https:\/\/tonala.gob.mx\/portal\/wp-content\/uploads\/2024\/10\/GEORGINA-INZUNZA-1365x2048.jpg 1365w, https:\/\/tonala.gob.mx\/portal\/wp-content\/uploads\/2024\/10\/GEORGINA-INZUNZA-scaled.jpg 1707w\" sizes=\"(max-width: 683px) 100vw, 683px\" \/><\/td>\n<td class=\"has-text-align-left\" data-align=\"left\"><strong>Georgina A. Inzunza Toscano<\/strong>\n<p>Jefatura de la Oficial\u00eda de Partes<\/p>\n<\/td>\n<td class=\"has-text-align-left\" data-align=\"left\"><strong>Tel\u00e9fono: <\/strong>33 35 86 60 00 Ext.1007<br \/><strong>Domicilio:<\/strong> Hidalgo 21 colonia Centro, Tonal\u00e1 Jalisco<br \/><strong>Correo Electr\u00f3nico: <\/strong><br \/>jef.oficialiadepartes@tonala.gob.mx\n<p><a href=\"https:\/\/tonala.gob.mx\/portal\/wp-content\/uploads\/2021\/11\/Georgina-Aurora-Inzunza-Toscano-Curriculum.pdf\">Curr\u00edculo<\/a><\/p>\n<p><a href=\"https:\/\/portal-transparencia.tonala.gob.mx\/agenda-oficial-jefa-de-oficialia-de-partes-georgina-aurora-inzunza-toscano\/\">Agenda Oficial<\/a><\/p>\n<\/td>\n<\/tr>\n<tr>\n<td class=\"has-text-align-center\" data-align=\"center\"><img loading=\"lazy\" decoding=\"async\" class=\"wp-image-36368 size-large alignnone\" src=\"https:\/\/tonala.gob.mx\/portal\/wp-content\/uploads\/2024\/10\/VINICIO-DE-JESUS-LUCANO-683x1024.jpg\" alt=\"\" width=\"683\" height=\"1024\" srcset=\"https:\/\/tonala.gob.mx\/portal\/wp-content\/uploads\/2024\/10\/VINICIO-DE-JESUS-LUCANO-683x1024.jpg 683w, https:\/\/tonala.gob.mx\/portal\/wp-content\/uploads\/2024\/10\/VINICIO-DE-JESUS-LUCANO-200x300.jpg 200w, https:\/\/tonala.gob.mx\/portal\/wp-content\/uploads\/2024\/10\/VINICIO-DE-JESUS-LUCANO-768x1152.jpg 768w, https:\/\/tonala.gob.mx\/portal\/wp-content\/uploads\/2024\/10\/VINICIO-DE-JESUS-LUCANO-1024x1536.jpg 1024w, https:\/\/tonala.gob.mx\/portal\/wp-content\/uploads\/2024\/10\/VINICIO-DE-JESUS-LUCANO-1365x2048.jpg 1365w, https:\/\/tonala.gob.mx\/portal\/wp-content\/uploads\/2024\/10\/VINICIO-DE-JESUS-LUCANO-scaled.jpg 1707w\" sizes=\"(max-width: 683px) 100vw, 683px\" \/><\/td>\n<td class=\"has-text-align-left\" data-align=\"left\"><strong>Vinicio de Jes\u00fas Lucano G\u00f3mez<\/strong>\n<p>Jefatura de Log\u00edstica<\/p>\n<\/td>\n<td class=\"has-text-align-left\" data-align=\"left\"><strong>Tel\u00e9fono:<\/strong> 33 15 14 85 76 Ext. <br \/><strong>Domicilio:<\/strong> Retorno Loma Tecuan 8059 colonia Loma Dorada, Tonal\u00e1 Jalisco<br \/><strong>Correo Electr\u00f3nico:<\/strong> <br \/>jef.logistica@tonala.gob.mx\n<p><a href=\"https:\/\/tonala.gob.mx\/portal\/wp-content\/uploads\/2021\/11\/VINICIO-DE-JESUS-LUCANO-GOMEZ-1.pdf\">Curr\u00edculo<\/a><\/p>\n<p><a href=\"https:\/\/portal-transparencia.tonala.gob.mx\/agenda-oficial-jefe-de-logistica-vinicio-de-jesus-lucano-gomez\/\">Agenda Oficial<\/a><\/p>\n<\/td>\n<\/tr>\n<tr>\n<td class=\"has-text-align-center\" data-align=\"center\"><img loading=\"lazy\" decoding=\"async\" class=\"alignnone size-large wp-image-36467\" src=\"https:\/\/tonala.gob.mx\/portal\/wp-content\/uploads\/2024\/10\/MIGUEL-ANGEL-CAMPECHANO-LOPEZ-683x1024.jpg\" alt=\"\" width=\"683\" height=\"1024\" srcset=\"https:\/\/tonala.gob.mx\/portal\/wp-content\/uploads\/2024\/10\/MIGUEL-ANGEL-CAMPECHANO-LOPEZ-683x1024.jpg 683w, https:\/\/tonala.gob.mx\/portal\/wp-content\/uploads\/2024\/10\/MIGUEL-ANGEL-CAMPECHANO-LOPEZ-200x300.jpg 200w, https:\/\/tonala.gob.mx\/portal\/wp-content\/uploads\/2024\/10\/MIGUEL-ANGEL-CAMPECHANO-LOPEZ-768x1152.jpg 768w, https:\/\/tonala.gob.mx\/portal\/wp-content\/uploads\/2024\/10\/MIGUEL-ANGEL-CAMPECHANO-LOPEZ-1024x1536.jpg 1024w, https:\/\/tonala.gob.mx\/portal\/wp-content\/uploads\/2024\/10\/MIGUEL-ANGEL-CAMPECHANO-LOPEZ-1365x2048.jpg 1365w, https:\/\/tonala.gob.mx\/portal\/wp-content\/uploads\/2024\/10\/MIGUEL-ANGEL-CAMPECHANO-LOPEZ-scaled.jpg 1707w\" sizes=\"(max-width: 683px) 100vw, 683px\" \/><\/td>\n<td class=\"has-text-align-left\" data-align=\"left\"><strong>Miguel \u00c1ngel Campechano L\u00f3pez<\/strong>\n<p>Direcci\u00f3n General Jur\u00eddica<\/p>\n<\/td>\n<td class=\"has-text-align-left\" data-align=\"left\"><strong>Tel\u00e9fono:<\/strong> 33 32 84 98 60 Ext.3860<br \/><strong>Domicilio:<\/strong> Hidalgo 21 colonia Centro, Tonal\u00e1 Jalisco<br \/><strong><strong>Correo Electr\u00f3nico: <\/strong><\/strong>dir.generaljuridica@tonala.gob.mx<strong><strong><br \/><\/strong><\/strong>\n<p><a href=\"https:\/\/tonala.gob.mx\/portal\/wp-content\/uploads\/2021\/11\/Miguel-Angel-Campechano-Lopez-Curriculum.pdf\">Curr\u00edculo<\/a><\/p>\n<p><a href=\"https:\/\/portal-transparencia.tonala.gob.mx\/agenda-oficial-director-general-juridico-lic-miguel-angel-campechano-lopez\/\">Agenda Oficial<\/a><\/p>\n<\/td>\n<\/tr>\n<tr>\n<td class=\"has-text-align-center\" data-align=\"center\"><img loading=\"lazy\" decoding=\"async\" class=\"alignnone size-large wp-image-36450\" src=\"https:\/\/tonala.gob.mx\/portal\/wp-content\/uploads\/2024\/10\/Jose-Alberto-Padilla-Escamilla-683x1024.jpg\" alt=\"\" width=\"683\" height=\"1024\" srcset=\"https:\/\/tonala.gob.mx\/portal\/wp-content\/uploads\/2024\/10\/Jose-Alberto-Padilla-Escamilla-683x1024.jpg 683w, https:\/\/tonala.gob.mx\/portal\/wp-content\/uploads\/2024\/10\/Jose-Alberto-Padilla-Escamilla-200x300.jpg 200w, https:\/\/tonala.gob.mx\/portal\/wp-content\/uploads\/2024\/10\/Jose-Alberto-Padilla-Escamilla-768x1152.jpg 768w, https:\/\/tonala.gob.mx\/portal\/wp-content\/uploads\/2024\/10\/Jose-Alberto-Padilla-Escamilla-1024x1536.jpg 1024w, https:\/\/tonala.gob.mx\/portal\/wp-content\/uploads\/2024\/10\/Jose-Alberto-Padilla-Escamilla-1365x2048.jpg 1365w, https:\/\/tonala.gob.mx\/portal\/wp-content\/uploads\/2024\/10\/Jose-Alberto-Padilla-Escamilla-scaled.jpg 1707w\" sizes=\"(max-width: 683px) 100vw, 683px\" \/><\/td>\n<td class=\"has-text-align-left\" data-align=\"left\"><strong>Jos\u00e9 Alberto Padilla Escamilla<\/strong>\n<p>Direcci\u00f3n de lo Contencioso, Administrativo y Consultivo<\/p>\n<\/td>\n<td class=\"has-text-align-left\" data-align=\"left\"><strong>Tel\u00e9fono:<\/strong> 33 35 86 60 00\u00a0<br \/><strong>Domicilio:<\/strong> Morelos 20\u00a0colonia Centro, Tonal\u00e1 Jalisco<br \/><strong>Correo<\/strong> Electr\u00f3nico: dir.contenciosoadministrativoconsultivo@tonala.gob.mx<strong><br \/><\/strong>\n<p>Curr\u00edculo<\/p>\n<p><a href=\"https:\/\/portal-transparencia.tonala.gob.mx\/agenda-oficial-director-de-lo-contencioso-administrativo-y-consultivo-lic-jose-alberto-padilla-escamilla\/\">Agenda Oficial<\/a><\/p>\n<\/td>\n<\/tr>\n<tr>\n<td class=\"has-text-align-center\" data-align=\"center\"><img loading=\"lazy\" decoding=\"async\" class=\"alignnone size-large wp-image-36431\" src=\"https:\/\/tonala.gob.mx\/portal\/wp-content\/uploads\/2024\/10\/Armando-Medina-Rios-683x1024.jpg\" alt=\"\" width=\"683\" height=\"1024\" srcset=\"https:\/\/tonala.gob.mx\/portal\/wp-content\/uploads\/2024\/10\/Armando-Medina-Rios-683x1024.jpg 683w, https:\/\/tonala.gob.mx\/portal\/wp-content\/uploads\/2024\/10\/Armando-Medina-Rios-200x300.jpg 200w, https:\/\/tonala.gob.mx\/portal\/wp-content\/uploads\/2024\/10\/Armando-Medina-Rios-768x1152.jpg 768w, https:\/\/tonala.gob.mx\/portal\/wp-content\/uploads\/2024\/10\/Armando-Medina-Rios-1024x1536.jpg 1024w, https:\/\/tonala.gob.mx\/portal\/wp-content\/uploads\/2024\/10\/Armando-Medina-Rios-1365x2048.jpg 1365w, https:\/\/tonala.gob.mx\/portal\/wp-content\/uploads\/2024\/10\/Armando-Medina-Rios-scaled.jpg 1707w\" sizes=\"(max-width: 683px) 100vw, 683px\" \/><\/td>\n<td class=\"has-text-align-left\" data-align=\"left\"><strong>Armando Medina R\u00edos<\/strong>\n<p>Direcci\u00f3n de Control, Seguimiento, Derechos Humanos, Civil, Mercantil, Agrario y Laboral<\/p>\n<\/td>\n<td class=\"has-text-align-left\" data-align=\"left\"><strong>Tel\u00e9fono:<\/strong> 33 32 84 98 61 Ext.3861<br \/><strong>Domicilio:<\/strong> Morelos 20 colonia Centro, Tonal\u00e1 Jalisco<br \/><strong>Correo Electr\u00f3nico: <\/strong><br \/>dir.controlseguimiento@tonala.gob.mx\n<p>Curr\u00edculo<\/p>\n<p><a href=\"https:\/\/portal-transparencia.tonala.gob.mx\/agenda-oficial-director-de-control-seguimiento-derechos-humanos-civil-mercantil-agrario-y-laboral-lic-armando-medina-rios\/\">Agenda Oficial<\/a><\/p>\n<\/td>\n<\/tr>\n<tr>\n<td class=\"has-text-align-center\" data-align=\"center\">\u00a0<\/td>\n<td class=\"has-text-align-left\" data-align=\"left\">Jefatura de Asuntos Laborales\n<div>\u00a0<\/div>\n<\/td>\n<td class=\"has-text-align-left\" data-align=\"left\"><strong>Tel\u00e9fono:<\/strong> 33 35 86 60 00 Ext. <br \/><strong>Domicilio: <\/strong>Hidalgo 21 colonia Centro, Tonal\u00e1 Jalisco<br \/><strong>Correo Electr\u00f3nico:<\/strong> <br \/>jef.asuntoslaborales@tonala.gob.mx\n<p>Curr\u00edculo<\/p>\n<p>Agenda Oficial<\/p>\n<\/td>\n<\/tr>\n<tr>\n<td class=\"has-text-align-center\" data-align=\"center\"><img loading=\"lazy\" decoding=\"async\" class=\"alignnone size-large wp-image-36441\" src=\"https:\/\/tonala.gob.mx\/portal\/wp-content\/uploads\/2024\/10\/FERNANDO-AVILA-CASTANENA-683x1024.jpg\" alt=\"\" width=\"683\" height=\"1024\" srcset=\"https:\/\/tonala.gob.mx\/portal\/wp-content\/uploads\/2024\/10\/FERNANDO-AVILA-CASTANENA-683x1024.jpg 683w, https:\/\/tonala.gob.mx\/portal\/wp-content\/uploads\/2024\/10\/FERNANDO-AVILA-CASTANENA-200x300.jpg 200w, https:\/\/tonala.gob.mx\/portal\/wp-content\/uploads\/2024\/10\/FERNANDO-AVILA-CASTANENA-768x1152.jpg 768w, https:\/\/tonala.gob.mx\/portal\/wp-content\/uploads\/2024\/10\/FERNANDO-AVILA-CASTANENA-1024x1536.jpg 1024w, https:\/\/tonala.gob.mx\/portal\/wp-content\/uploads\/2024\/10\/FERNANDO-AVILA-CASTANENA-1365x2048.jpg 1365w, https:\/\/tonala.gob.mx\/portal\/wp-content\/uploads\/2024\/10\/FERNANDO-AVILA-CASTANENA-scaled.jpg 1707w\" sizes=\"(max-width: 683px) 100vw, 683px\" \/><\/td>\n<td class=\"has-text-align-left\" data-align=\"left\"><strong>Fernando \u00c1vila Casta\u00f1eda<\/strong>\n<p>Direcci\u00f3n de Instrumentos Jur\u00eddicos y Transparencia<\/p>\n<\/td>\n<td class=\"has-text-align-left\" data-align=\"left\"><strong>Tel\u00e9fono:<\/strong> 33 35 86 60 00 EXT.3862<br \/><strong>Domicilio:<\/strong> Morelos 20 colonia Centro, Tonal\u00e1 Jalisco<br \/><strong>Correo Electr\u00f3nico: <\/strong><br \/>instrumentosjuridicos@tonala.gob.mx\n<p><a href=\"https:\/\/tonala.gob.mx\/portal\/wp-content\/uploads\/2022\/07\/FERNANDO-AVILA-CASTANEDA.pdf\">Curr\u00edculo<\/a><\/p>\n<p><a href=\"https:\/\/portal-transparencia.tonala.gob.mx\/agenda-oficial-director-de-instrumentos-juridicos-y-transparencia-abogado-fernando-avila-castaneda\/\">Agenda Oficial<\/a><\/p>\n<\/td>\n<\/tr>\n<tr>\n<td class=\"has-text-align-center\" data-align=\"center\"><img loading=\"lazy\" decoding=\"async\" class=\"alignnone size-large wp-image-36338\" src=\"https:\/\/tonala.gob.mx\/portal\/wp-content\/uploads\/2024\/10\/JOSE-MENDONZA-NAVARRO-683x1024.jpg\" alt=\"\" width=\"683\" height=\"1024\" srcset=\"https:\/\/tonala.gob.mx\/portal\/wp-content\/uploads\/2024\/10\/JOSE-MENDONZA-NAVARRO-683x1024.jpg 683w, https:\/\/tonala.gob.mx\/portal\/wp-content\/uploads\/2024\/10\/JOSE-MENDONZA-NAVARRO-200x300.jpg 200w, https:\/\/tonala.gob.mx\/portal\/wp-content\/uploads\/2024\/10\/JOSE-MENDONZA-NAVARRO-768x1152.jpg 768w, https:\/\/tonala.gob.mx\/portal\/wp-content\/uploads\/2024\/10\/JOSE-MENDONZA-NAVARRO-1024x1536.jpg 1024w, https:\/\/tonala.gob.mx\/portal\/wp-content\/uploads\/2024\/10\/JOSE-MENDONZA-NAVARRO-1365x2048.jpg 1365w, https:\/\/tonala.gob.mx\/portal\/wp-content\/uploads\/2024\/10\/JOSE-MENDONZA-NAVARRO-scaled.jpg 1707w\" sizes=\"(max-width: 683px) 100vw, 683px\" \/><\/td>\n<td class=\"has-text-align-left\" data-align=\"left\"><strong>Jos\u00e9 Mendoza Navarro<\/strong><br \/>Direcci\u00f3n de Comunicaci\u00f3n Social<\/td>\n<td class=\"has-text-align-left\" data-align=\"left\"><strong>Tel\u00e9fono:<\/strong> 33 35 86 60 00 Ext.1012<br \/><strong>Domicilio:<\/strong> Hidalgo 21 colonia Centro, Tonal\u00e1 Jalisco<br \/><strong>Correo Electr\u00f3nico: <\/strong><br \/>dir.comunicacionsocial@tonala.gob.mx@tonala.gob.mx\n<p><a href=\"https:\/\/tonala.gob.mx\/portal\/wp-content\/uploads\/2021\/11\/Jose-Mendoza-1.pdf\">Curr\u00edculo<\/a><\/p>\n<p><a href=\"https:\/\/portal-transparencia.tonala.gob.mx\/agenda-oficial-director-de-comunicacion-social-jose-mendoza-navarro\/\">Agenda Oficial<\/a><\/p>\n<\/td>\n<\/tr>\n<tr>\n<td class=\"has-text-align-center\" data-align=\"center\"><img loading=\"lazy\" decoding=\"async\" class=\"alignnone size-large wp-image-36481\" src=\"https:\/\/tonala.gob.mx\/portal\/wp-content\/uploads\/2024\/10\/IVAN-ANTONIO-VARGAS-683x1024.jpeg\" alt=\"\" width=\"683\" height=\"1024\" srcset=\"https:\/\/tonala.gob.mx\/portal\/wp-content\/uploads\/2024\/10\/IVAN-ANTONIO-VARGAS-683x1024.jpeg 683w, https:\/\/tonala.gob.mx\/portal\/wp-content\/uploads\/2024\/10\/IVAN-ANTONIO-VARGAS-200x300.jpeg 200w, https:\/\/tonala.gob.mx\/portal\/wp-content\/uploads\/2024\/10\/IVAN-ANTONIO-VARGAS-768x1152.jpeg 768w, https:\/\/tonala.gob.mx\/portal\/wp-content\/uploads\/2024\/10\/IVAN-ANTONIO-VARGAS-1024x1536.jpeg 1024w, https:\/\/tonala.gob.mx\/portal\/wp-content\/uploads\/2024\/10\/IVAN-ANTONIO-VARGAS.jpeg 1067w\" sizes=\"(max-width: 683px) 100vw, 683px\" \/><\/td>\n<td class=\"has-text-align-left\" data-align=\"left\"><strong>Iv\u00e1n Antonio Vargas Reynoso<\/strong>\n<p>Direcci\u00f3n de Transformaci\u00f3n Tecnol\u00f3gica<\/p>\n<\/td>\n<td class=\"has-text-align-left\" data-align=\"left\"><strong>Tel\u00e9fono:<\/strong> 33 45 06 26 85\u00a0<br \/><strong>Domicilio:<\/strong> Hidalgo 21 colonia Centro, Tonal\u00e1 Jalisco<br \/><strong>Correo Electr\u00f3nico: <\/strong><br \/>dir.transformaciondigital@tonala.gob.mx\n<p><a href=\"https:\/\/tonala.gob.mx\/portal\/wp-content\/uploads\/2024\/07\/IVAN-ANTONIO-VARGAS-REYNOSO.pdf\">Curr\u00edculo<\/a><\/p>\n<p><a href=\"https:\/\/portal-transparencia.tonala.gob.mx\/agenda-oficial-director-de-transformacion-tecnologica-ivan-antonio-vargas-reynoso\/\">Agenda Oficial<\/a><\/p>\n<\/td>\n<\/tr>\n<tr>\n<td class=\"has-text-align-center\" data-align=\"center\"><img loading=\"lazy\" decoding=\"async\" class=\"size-large wp-image-36347 alignnone\" src=\"https:\/\/tonala.gob.mx\/portal\/wp-content\/uploads\/2024\/10\/NATALIA-ABIGAIL-MURIAS-COBIAN-683x1024.jpg\" alt=\"\" width=\"683\" height=\"1024\" srcset=\"https:\/\/tonala.gob.mx\/portal\/wp-content\/uploads\/2024\/10\/NATALIA-ABIGAIL-MURIAS-COBIAN-683x1024.jpg 683w, https:\/\/tonala.gob.mx\/portal\/wp-content\/uploads\/2024\/10\/NATALIA-ABIGAIL-MURIAS-COBIAN-200x300.jpg 200w, https:\/\/tonala.gob.mx\/portal\/wp-content\/uploads\/2024\/10\/NATALIA-ABIGAIL-MURIAS-COBIAN-768x1152.jpg 768w, https:\/\/tonala.gob.mx\/portal\/wp-content\/uploads\/2024\/10\/NATALIA-ABIGAIL-MURIAS-COBIAN-1024x1536.jpg 1024w, https:\/\/tonala.gob.mx\/portal\/wp-content\/uploads\/2024\/10\/NATALIA-ABIGAIL-MURIAS-COBIAN-1365x2048.jpg 1365w, https:\/\/tonala.gob.mx\/portal\/wp-content\/uploads\/2024\/10\/NATALIA-ABIGAIL-MURIAS-COBIAN-scaled.jpg 1707w\" sizes=\"(max-width: 683px) 100vw, 683px\" \/><\/td>\n<td class=\"has-text-align-left\" data-align=\"left\"><strong>Natalia Abigail Murias Cobi\u00e1n<\/strong>\n<p>Jefatura de Gobierno Digital<\/p>\n<\/td>\n<td class=\"has-text-align-left\" data-align=\"left\"><strong>Tel\u00e9fono: <\/strong>33 45 06 26 85\u00a0<br \/><strong>Domicilio: <\/strong>Hidalgo 21 colonia Centro, Tonal\u00e1 Jalisco<br \/><strong>Correo Electr\u00f3nico: <\/strong><br \/>gob.digital@tonala.gob.mx\n<p><a href=\"https:\/\/tonala.gob.mx\/portal\/wp-content\/uploads\/2024\/10\/NATALIA-ABIGAIL-MURIAS-COBIAN.pdf\">Curr\u00edculo<\/a><\/p>\n<p><a href=\"https:\/\/portal-transparencia.tonala.gob.mx\/agenda-oficial-jefa-de-gobierno-digital-y-redes-sociales-natalia-abigail-murias-cobian\/\">Agenda Oficial<\/a><\/p>\n<\/td>\n<\/tr>\n<tr>\n<td class=\"has-text-align-center\" data-align=\"center\"><img loading=\"lazy\" decoding=\"async\" class=\"alignnone size-large wp-image-36325\" src=\"https:\/\/tonala.gob.mx\/portal\/wp-content\/uploads\/2024\/10\/IMG_1248-683x1024.jpg\" alt=\"\" width=\"683\" height=\"1024\" srcset=\"https:\/\/tonala.gob.mx\/portal\/wp-content\/uploads\/2024\/10\/IMG_1248-683x1024.jpg 683w, https:\/\/tonala.gob.mx\/portal\/wp-content\/uploads\/2024\/10\/IMG_1248-200x300.jpg 200w, https:\/\/tonala.gob.mx\/portal\/wp-content\/uploads\/2024\/10\/IMG_1248-768x1152.jpg 768w, https:\/\/tonala.gob.mx\/portal\/wp-content\/uploads\/2024\/10\/IMG_1248-1024x1536.jpg 1024w, https:\/\/tonala.gob.mx\/portal\/wp-content\/uploads\/2024\/10\/IMG_1248-1365x2048.jpg 1365w, https:\/\/tonala.gob.mx\/portal\/wp-content\/uploads\/2024\/10\/IMG_1248-scaled.jpg 1707w\" sizes=\"(max-width: 683px) 100vw, 683px\" \/><\/td>\n<td class=\"has-text-align-left\" data-align=\"left\"><strong>Ismael Y\u00e1\u00f1ez Jauregui<br \/><\/strong><br \/>Jefatura de Mantenimiento Web<\/td>\n<td class=\"has-text-align-left\" data-align=\"left\">\n<p><strong>Tel\u00e9fono:<\/strong> 33 45 06 26 85\u00a0<br \/><strong>Domicilio:<\/strong> Hidalgo 21 colonia Centro, Tonal\u00e1<br \/><strong>Correo Electr\u00f3nico: <\/strong><br \/>jef.mantenimientoweb@tonala.gob.mx<\/p>\n<p><a href=\"https:\/\/tonala.gob.mx\/portal\/wp-content\/uploads\/2024\/10\/ISMAEL-YANEZ-JAUREGUI.pdf\">Curr\u00edculo<\/a><\/p>\n<p><a href=\"https:\/\/portal-transparencia.tonala.gob.mx\/agenda-oficial-jefe-de-mantenimiento-web-isamel-yanez-jauregui\/\">Agenda Oficial<\/a><\/p>\n<\/td>\n<\/tr>\n<tr>\n<td class=\"has-text-align-center\" data-align=\"center\"><img loading=\"lazy\" decoding=\"async\" class=\"alignnone size-large wp-image-36535\" src=\"https:\/\/tonala.gob.mx\/portal\/wp-content\/uploads\/2024\/10\/Roberto-Vargas-1-683x1024.jpg\" alt=\"\" width=\"683\" height=\"1024\" srcset=\"https:\/\/tonala.gob.mx\/portal\/wp-content\/uploads\/2024\/10\/Roberto-Vargas-1-683x1024.jpg 683w, https:\/\/tonala.gob.mx\/portal\/wp-content\/uploads\/2024\/10\/Roberto-Vargas-1-200x300.jpg 200w, https:\/\/tonala.gob.mx\/portal\/wp-content\/uploads\/2024\/10\/Roberto-Vargas-1-768x1152.jpg 768w, https:\/\/tonala.gob.mx\/portal\/wp-content\/uploads\/2024\/10\/Roberto-Vargas-1-1024x1536.jpg 1024w, https:\/\/tonala.gob.mx\/portal\/wp-content\/uploads\/2024\/10\/Roberto-Vargas-1-1365x2048.jpg 1365w, https:\/\/tonala.gob.mx\/portal\/wp-content\/uploads\/2024\/10\/Roberto-Vargas-1-scaled.jpg 1707w\" sizes=\"(max-width: 683px) 100vw, 683px\" \/><\/td>\n<td class=\"has-text-align-left\" data-align=\"left\"><strong>Roberto Vargas Ortega<\/strong>\n<p>Jefatura de Mantenimiento de Redes<\/p>\n<\/td>\n<td class=\"has-text-align-left\" data-align=\"left\"><strong>Tel\u00e9fono: <\/strong>33 35 86 60 00 Ext. 1009\u00a0<br \/><strong>Domicilio:<\/strong> Hidalgo 21 colonia Centro, Tonal\u00e1 Jalisco<br \/>Correo Electr\u00f3nico: <br \/>jef.manejoderedes@tonala.gob.mx\n<p><a href=\"https:\/\/tonala.gob.mx\/portal\/wp-content\/uploads\/2021\/11\/Roberto-Vargas-Ortega-Curriculum.pdf\">Curr\u00edculo<\/a><\/p>\n<p>Agenda Oficial<\/p>\n<\/td>\n<\/tr>\n<tr>\n<td class=\"has-text-align-center\" data-align=\"center\"><img loading=\"lazy\" decoding=\"async\" class=\"size-large wp-image-36342 alignnone\" src=\"https:\/\/tonala.gob.mx\/portal\/wp-content\/uploads\/2024\/10\/MAGDA-LOPEZ-GUTIERREZ-683x1024.jpg\" alt=\"\" width=\"683\" height=\"1024\" srcset=\"https:\/\/tonala.gob.mx\/portal\/wp-content\/uploads\/2024\/10\/MAGDA-LOPEZ-GUTIERREZ-683x1024.jpg 683w, https:\/\/tonala.gob.mx\/portal\/wp-content\/uploads\/2024\/10\/MAGDA-LOPEZ-GUTIERREZ-200x300.jpg 200w, https:\/\/tonala.gob.mx\/portal\/wp-content\/uploads\/2024\/10\/MAGDA-LOPEZ-GUTIERREZ-768x1152.jpg 768w, https:\/\/tonala.gob.mx\/portal\/wp-content\/uploads\/2024\/10\/MAGDA-LOPEZ-GUTIERREZ-1024x1536.jpg 1024w, https:\/\/tonala.gob.mx\/portal\/wp-content\/uploads\/2024\/10\/MAGDA-LOPEZ-GUTIERREZ-1365x2048.jpg 1365w, https:\/\/tonala.gob.mx\/portal\/wp-content\/uploads\/2024\/10\/MAGDA-LOPEZ-GUTIERREZ-scaled.jpg 1707w\" sizes=\"(max-width: 683px) 100vw, 683px\" \/><\/td>\n<td class=\"has-text-align-left\" data-align=\"left\"><strong>Magda Lorena L\u00f3pez Guti\u00e9rrez<\/strong>\n<p>Unidad de Transparencia<\/p>\n<\/td>\n<td class=\"has-text-align-left\" data-align=\"left\"><strong>Tel\u00e9fono: <\/strong>33 35 86 60 00 Ext.1191, 1240, 1140<br \/><strong>Domicilio:<\/strong> Hidalgo 21 colonia Centro, Tonal\u00e1 Jalisco<br \/><strong>Correo Electr\u00f3nico: <\/strong><br \/>transparencia1@tonala.gob.mx\n<p><a href=\"https:\/\/tonala.gob.mx\/portal\/wp-content\/uploads\/2023\/08\/CURRICULUM-MAGDA-LORENA-LOPEZ-GUTIERREZ-VERSION-PUBLICA-2023.pdf\">Curr\u00edculo<\/a><\/p>\n<p><a href=\"https:\/\/portal-transparencia.tonala.gob.mx\/lic-magda-lorena-lopez-gutierrez-directora-de-la-unidad-de-transparencia\/\">Agenda Oficial<\/a><\/p>\n<\/td>\n<\/tr>\n<tr>\n<td class=\"has-text-align-center\" data-align=\"center\"><img loading=\"lazy\" decoding=\"async\" class=\"size-large wp-image-36314 alignnone\" src=\"https:\/\/tonala.gob.mx\/portal\/wp-content\/uploads\/2024\/10\/EDUARDO-HERRERA-683x1024.jpg\" alt=\"\" width=\"683\" height=\"1024\" srcset=\"https:\/\/tonala.gob.mx\/portal\/wp-content\/uploads\/2024\/10\/EDUARDO-HERRERA-683x1024.jpg 683w, https:\/\/tonala.gob.mx\/portal\/wp-content\/uploads\/2024\/10\/EDUARDO-HERRERA-200x300.jpg 200w, https:\/\/tonala.gob.mx\/portal\/wp-content\/uploads\/2024\/10\/EDUARDO-HERRERA-768x1152.jpg 768w, https:\/\/tonala.gob.mx\/portal\/wp-content\/uploads\/2024\/10\/EDUARDO-HERRERA-1024x1536.jpg 1024w, https:\/\/tonala.gob.mx\/portal\/wp-content\/uploads\/2024\/10\/EDUARDO-HERRERA-1365x2048.jpg 1365w, https:\/\/tonala.gob.mx\/portal\/wp-content\/uploads\/2024\/10\/EDUARDO-HERRERA-scaled.jpg 1707w\" sizes=\"(max-width: 683px) 100vw, 683px\" \/><\/td>\n<td class=\"has-text-align-left\" data-align=\"left\"><strong>Eduardo Federico Herrera Flores<\/strong>\n<p>Direcci\u00f3n de Relaciones P\u00fablicas<\/p>\n<\/td>\n<td class=\"has-text-align-left\" data-align=\"left\"><strong>Tel\u00e9fono: <\/strong>33 35 86 60 25\u00a0<br \/><strong>Domicilio:<\/strong> Hidalgo 21 colonia Centro, Tonal\u00e1 Jalisco<br \/><strong>Correo Electr\u00f3nico: <\/strong>dir.relacionespublicas@tonala.gob.mx\n<p><a href=\"https:\/\/tonala.gob.mx\/portal\/wp-content\/uploads\/2021\/11\/EDUARDO-FEDERICO-HERRERA-FLORES.pdf\">Curr\u00edculo<\/a><\/p>\n<p><a href=\"https:\/\/portal-transparencia.tonala.gob.mx\/agenda-oficial-jefe-de-relaciones-publicas-lic-eduardo-federico-herrera-flores\/\">Agenda Oficial<\/a><\/p>\n<\/td>\n<\/tr>\n<tr>\n<td class=\"has-text-align-center\" data-align=\"center\"><img loading=\"lazy\" decoding=\"async\" class=\"alignnone size-large wp-image-36473\" src=\"https:\/\/tonala.gob.mx\/portal\/wp-content\/uploads\/2024\/10\/SANDRA-POMPEYA-683x1024.jpg\" alt=\"\" width=\"683\" height=\"1024\" srcset=\"https:\/\/tonala.gob.mx\/portal\/wp-content\/uploads\/2024\/10\/SANDRA-POMPEYA-683x1024.jpg 683w, https:\/\/tonala.gob.mx\/portal\/wp-content\/uploads\/2024\/10\/SANDRA-POMPEYA-200x300.jpg 200w, https:\/\/tonala.gob.mx\/portal\/wp-content\/uploads\/2024\/10\/SANDRA-POMPEYA-768x1152.jpg 768w, https:\/\/tonala.gob.mx\/portal\/wp-content\/uploads\/2024\/10\/SANDRA-POMPEYA-1024x1536.jpg 1024w, https:\/\/tonala.gob.mx\/portal\/wp-content\/uploads\/2024\/10\/SANDRA-POMPEYA-1365x2048.jpg 1365w, https:\/\/tonala.gob.mx\/portal\/wp-content\/uploads\/2024\/10\/SANDRA-POMPEYA-scaled.jpg 1707w\" sizes=\"(max-width: 683px) 100vw, 683px\" \/><\/td>\n<td class=\"has-text-align-left\" data-align=\"left\"><strong>Sandra Pompeya Aceves Tejeda<\/strong>\n<p>Direcci\u00f3n de Administraci\u00f3n del Comercio<\/p>\n<\/td>\n<td class=\"has-text-align-left\" data-align=\"left\"><strong>Tel\u00e9fono:<\/strong> 33 35 86 60 28 EXT. 1342\u00a0<br \/><strong>Domicilio: <\/strong>Hidalgo 21 colonia Centro, Tonal\u00e1 Jalisco<br \/><strong>Correo Electr\u00f3nico: <\/strong><br \/>dir.administraciondelcomercio@tonala.gob.mx\n<p><a href=\"https:\/\/tonala.gob.mx\/portal\/wp-content\/uploads\/2021\/11\/Sandra-Pompeya-Aceves-Curriculum.pdf\">Curr\u00edculo<\/a><\/p>\n<p><a href=\"https:\/\/portal-transparencia.tonala.gob.mx\/agenda-oficial-directora-de-administracion-del-comercio-sandra-pompeya-aceves-tejeda\/\">Agenda Oficial<\/a><\/p>\n<\/td>\n<\/tr>\n<tr>\n<td class=\"has-text-align-center\" data-align=\"center\"><img loading=\"lazy\" decoding=\"async\" class=\"alignnone wp-image-36315\" src=\"https:\/\/tonala.gob.mx\/portal\/wp-content\/uploads\/2024\/10\/ESTEBAN-ZAMORA-200x300.jpg\" alt=\"\" width=\"400\" height=\"600\" srcset=\"https:\/\/tonala.gob.mx\/portal\/wp-content\/uploads\/2024\/10\/ESTEBAN-ZAMORA-200x300.jpg 200w, https:\/\/tonala.gob.mx\/portal\/wp-content\/uploads\/2024\/10\/ESTEBAN-ZAMORA-683x1024.jpg 683w, https:\/\/tonala.gob.mx\/portal\/wp-content\/uploads\/2024\/10\/ESTEBAN-ZAMORA-768x1152.jpg 768w, https:\/\/tonala.gob.mx\/portal\/wp-content\/uploads\/2024\/10\/ESTEBAN-ZAMORA-1024x1536.jpg 1024w, https:\/\/tonala.gob.mx\/portal\/wp-content\/uploads\/2024\/10\/ESTEBAN-ZAMORA-1365x2048.jpg 1365w, https:\/\/tonala.gob.mx\/portal\/wp-content\/uploads\/2024\/10\/ESTEBAN-ZAMORA-scaled.jpg 1707w\" sizes=\"(max-width: 400px) 100vw, 400px\" \/><\/td>\n<td class=\"has-text-align-left\" data-align=\"left\"><strong>Esteban Zamora Mendoza<br \/><\/strong><br \/>Jefatura de Administraci\u00f3n de Mercados Municipales<\/td>\n<td class=\"has-text-align-left\" data-align=\"left\"><strong>Tel\u00e9fono: <\/strong>33 35 86 60 00\u00a0<br \/><strong>Domicilio:<\/strong> Hidalgo 21 colonia Centro, Tonal\u00e1 Jalisco<br \/><strong>Correo Electr\u00f3nico: <\/strong><br \/>jef.mercadosmunicipales@tonala.gob.mx\n<p>Curr\u00edculo<\/p>\n<p><a href=\"https:\/\/portal-transparencia.tonala.gob.mx\/agenda-oficial-jefe-de-administracion-de-mercados-lic-estaban-zamora-mendoza\/\">Agenda Oficial<\/a><\/p>\n<\/td>\n<\/tr>\n<tr>\n<td class=\"has-text-align-center\" data-align=\"center\"><img loading=\"lazy\" decoding=\"async\" class=\"alignnone wp-image-37493 size-large\" src=\"https:\/\/tonala.gob.mx\/portal\/wp-content\/uploads\/2025\/03\/GERARDO-PADILLA-RAMIREZ-scaled-e1743445497230-681x1024.jpg\" alt=\"\" width=\"681\" height=\"1024\" srcset=\"https:\/\/tonala.gob.mx\/portal\/wp-content\/uploads\/2025\/03\/GERARDO-PADILLA-RAMIREZ-scaled-e1743445497230-681x1024.jpg 681w, https:\/\/tonala.gob.mx\/portal\/wp-content\/uploads\/2025\/03\/GERARDO-PADILLA-RAMIREZ-scaled-e1743445497230-199x300.jpg 199w, https:\/\/tonala.gob.mx\/portal\/wp-content\/uploads\/2025\/03\/GERARDO-PADILLA-RAMIREZ-scaled-e1743445497230-768x1155.jpg 768w, https:\/\/tonala.gob.mx\/portal\/wp-content\/uploads\/2025\/03\/GERARDO-PADILLA-RAMIREZ-scaled-e1743445497230-1021x1536.jpg 1021w, https:\/\/tonala.gob.mx\/portal\/wp-content\/uploads\/2025\/03\/GERARDO-PADILLA-RAMIREZ-scaled-e1743445497230-1362x2048.jpg 1362w, https:\/\/tonala.gob.mx\/portal\/wp-content\/uploads\/2025\/03\/GERARDO-PADILLA-RAMIREZ-scaled-e1743445497230.jpg 1702w\" sizes=\"(max-width: 681px) 100vw, 681px\" \/><\/td>\n<td class=\"has-text-align-left\" data-align=\"left\"><strong>Gerardo Padilla Ram\u00edrez<\/strong>\n<p>Jefatura de Administraci\u00f3n de Tianguis<\/p>\n<\/td>\n<td class=\"has-text-align-left\" data-align=\"left\"><strong>Tel\u00e9fono:<\/strong> 33 35 86 60 00\u00a0<br \/><strong>Domicilio:<\/strong> Hidalgo 21 colonia Centro, Tonal\u00e1 Jalisco<br \/><strong>Correo Electr\u00f3nico:<\/strong> <br \/>jef.administraciondetianguis@tonala.gob.mx\n<p><a href=\"https:\/\/tonala.gob.mx\/portal\/wp-content\/uploads\/2025\/03\/GERARDO-PADILLA-RAMIREZ.docx\">Curr\u00edculo<\/a><\/p>\n<p><a href=\"https:\/\/portal-transparencia.tonala.gob.mx\/agenda-oficial-jefe-de-administracion-de-tianguis-gerardo-padilla-ramirez\/\">Agenda Oficial<\/a><\/p>\n<\/td>\n<\/tr>\n<tr>\n<td class=\"has-text-align-center\" data-align=\"center\"><img loading=\"lazy\" decoding=\"async\" class=\"alignnone size-large wp-image-37751\" src=\"https:\/\/tonala.gob.mx\/portal\/wp-content\/uploads\/2025\/07\/jackie-tejada-682x1024.jpg\" alt=\"\" width=\"682\" height=\"1024\" srcset=\"https:\/\/tonala.gob.mx\/portal\/wp-content\/uploads\/2025\/07\/jackie-tejada-682x1024.jpg 682w, https:\/\/tonala.gob.mx\/portal\/wp-content\/uploads\/2025\/07\/jackie-tejada-200x300.jpg 200w, https:\/\/tonala.gob.mx\/portal\/wp-content\/uploads\/2025\/07\/jackie-tejada-768x1152.jpg 768w, https:\/\/tonala.gob.mx\/portal\/wp-content\/uploads\/2025\/07\/jackie-tejada.jpg 853w\" sizes=\"(max-width: 682px) 100vw, 682px\" \/><\/td>\n<td class=\"has-text-align-left\" data-align=\"left\"><b>Jacqueline Tejada Flores<\/b>\n<p>Jefatura de Administraci\u00f3n de Espacios Abiertos<\/p>\n<\/td>\n<td class=\"has-text-align-left\" data-align=\"left\"><strong>Tel\u00e9fono:<\/strong> 33 35 86 60 28 Ext.1342<br \/><strong>Domicilio:<\/strong> Hidalgo 21 colonia Centro, Tonal\u00e1 Jalisco<br \/><strong>Correo Electr\u00f3nico: <\/strong><br \/>jef.espaciosabiertos@tonala.gob.mx\n<p><a href=\"https:\/\/portal-transparencia.tonala.gob.mx\/wp-content\/uploads\/2024\/07\/Jacqueline-Tejada-Flores-Curriculum.pdf\">Curr\u00edculo<\/a><\/p>\n<p>Agenda Oficial<\/p>\n<\/td>\n<\/tr>\n<tr>\n<td class=\"has-text-align-center\" data-align=\"center\"><img loading=\"lazy\" decoding=\"async\" class=\"alignnone size-large wp-image-36461\" src=\"https:\/\/tonala.gob.mx\/portal\/wp-content\/uploads\/2024\/10\/LAURA-PLASCENCIA-683x1024.jpg\" alt=\"\" width=\"683\" height=\"1024\" srcset=\"https:\/\/tonala.gob.mx\/portal\/wp-content\/uploads\/2024\/10\/LAURA-PLASCENCIA-683x1024.jpg 683w, https:\/\/tonala.gob.mx\/portal\/wp-content\/uploads\/2024\/10\/LAURA-PLASCENCIA-200x300.jpg 200w, https:\/\/tonala.gob.mx\/portal\/wp-content\/uploads\/2024\/10\/LAURA-PLASCENCIA-768x1152.jpg 768w, https:\/\/tonala.gob.mx\/portal\/wp-content\/uploads\/2024\/10\/LAURA-PLASCENCIA-1024x1536.jpg 1024w, https:\/\/tonala.gob.mx\/portal\/wp-content\/uploads\/2024\/10\/LAURA-PLASCENCIA-1365x2048.jpg 1365w, https:\/\/tonala.gob.mx\/portal\/wp-content\/uploads\/2024\/10\/LAURA-PLASCENCIA-scaled.jpg 1707w\" sizes=\"(max-width: 683px) 100vw, 683px\" \/><\/td>\n<td class=\"has-text-align-left\" data-align=\"left\"><strong>Laura Nereida Plascencia Pacheco<br \/><\/strong><br \/>Direcci\u00f3n de Inspecci\u00f3n y Vigilancia<\/td>\n<td class=\"has-text-align-left\" data-align=\"left\"><strong>Tel\u00e9fono:<\/strong> 33 35 86 60 82 Ext.1354<br \/><strong>Domicilio: <\/strong>Hidalgo 21 colonia Centro, Tonal\u00e1 Jalisco<br \/><strong>Correo Electr\u00f3nico: <\/strong><br \/>dir.inspeccionyvigilancia@tonala.gob.mx\n<p><a href=\"https:\/\/tonala.gob.mx\/portal\/wp-content\/uploads\/2024\/10\/LAURA-NEREIDA-PLASCENCIA-PACHECO.pdf\">Curr\u00edculo<\/a><\/p>\n<p>Agenda Oficial<\/p>\n<\/td>\n<\/tr>\n<tr>\n<td class=\"has-text-align-center\" data-align=\"center\"><img loading=\"lazy\" decoding=\"async\" class=\"alignnone size-large wp-image-36479\" src=\"https:\/\/tonala.gob.mx\/portal\/wp-content\/uploads\/2024\/10\/Victor-Hugo-Brother-Paez-683x1024.jpg\" alt=\"\" width=\"683\" height=\"1024\" srcset=\"https:\/\/tonala.gob.mx\/portal\/wp-content\/uploads\/2024\/10\/Victor-Hugo-Brother-Paez-683x1024.jpg 683w, https:\/\/tonala.gob.mx\/portal\/wp-content\/uploads\/2024\/10\/Victor-Hugo-Brother-Paez-200x300.jpg 200w, https:\/\/tonala.gob.mx\/portal\/wp-content\/uploads\/2024\/10\/Victor-Hugo-Brother-Paez-768x1152.jpg 768w, https:\/\/tonala.gob.mx\/portal\/wp-content\/uploads\/2024\/10\/Victor-Hugo-Brother-Paez-1024x1536.jpg 1024w, https:\/\/tonala.gob.mx\/portal\/wp-content\/uploads\/2024\/10\/Victor-Hugo-Brother-Paez-1365x2048.jpg 1365w, https:\/\/tonala.gob.mx\/portal\/wp-content\/uploads\/2024\/10\/Victor-Hugo-Brother-Paez-scaled.jpg 1707w\" sizes=\"(max-width: 683px) 100vw, 683px\" \/><\/td>\n<td class=\"has-text-align-left\" data-align=\"left\"><strong>V\u00edctor Hugo Brother Paez<\/strong>\n<p>Jefatura de Inspecci\u00f3n a Obra Privada<\/p>\n<\/td>\n<td class=\"has-text-align-left\" data-align=\"left\"><strong>Tel\u00e9fono:<\/strong> 33 35 86 60 00 Ext.1354<br \/><strong>Domicilio:<\/strong> Morelos 155 colonia Centro, Tonal\u00e1 Jalisco<br \/><strong>Correo Electr\u00f3nico:<\/strong> <br \/>jef.inspeccionobraprivada@tonala.gob.mx\n<p><a href=\"https:\/\/tonala.gob.mx\/portal\/wp-content\/uploads\/2021\/11\/Victor-Hugo-Brother-Paez-Curriculum.pdf\">Curr\u00edculo<\/a><\/p>\n<p>Agenda Oficial<\/p>\n<\/td>\n<\/tr>\n<tr>\n<td class=\"has-text-align-center\" data-align=\"center\"><img loading=\"lazy\" decoding=\"async\" class=\"alignnone size-large wp-image-36426\" src=\"https:\/\/tonala.gob.mx\/portal\/wp-content\/uploads\/2024\/10\/Araceli-Sarahi-Orozco-Aranda-683x1024.jpg\" alt=\"\" width=\"683\" height=\"1024\" srcset=\"https:\/\/tonala.gob.mx\/portal\/wp-content\/uploads\/2024\/10\/Araceli-Sarahi-Orozco-Aranda-683x1024.jpg 683w, https:\/\/tonala.gob.mx\/portal\/wp-content\/uploads\/2024\/10\/Araceli-Sarahi-Orozco-Aranda-200x300.jpg 200w, https:\/\/tonala.gob.mx\/portal\/wp-content\/uploads\/2024\/10\/Araceli-Sarahi-Orozco-Aranda-768x1152.jpg 768w, https:\/\/tonala.gob.mx\/portal\/wp-content\/uploads\/2024\/10\/Araceli-Sarahi-Orozco-Aranda-1024x1536.jpg 1024w, https:\/\/tonala.gob.mx\/portal\/wp-content\/uploads\/2024\/10\/Araceli-Sarahi-Orozco-Aranda-1365x2048.jpg 1365w, https:\/\/tonala.gob.mx\/portal\/wp-content\/uploads\/2024\/10\/Araceli-Sarahi-Orozco-Aranda-scaled.jpg 1707w\" sizes=\"(max-width: 683px) 100vw, 683px\" \/><\/td>\n<td class=\"has-text-align-left\" data-align=\"left\"><strong>Araceli Sarahi Orozco Aranda<br \/><\/strong><br \/>Jefatura de Inspecci\u00f3n Medio Ambiental<\/td>\n<td class=\"has-text-align-left\" data-align=\"left\"><strong>Tel\u00e9fono:<\/strong> 33 35 86 60 00 EXT. 1185<br \/><strong>Domicilio:<\/strong> Hidalgo 21 colonia Centro, Tonal\u00e1 Jalisco<br \/><strong>Correo Electr\u00f3nico: <\/strong><br \/>jef.inspeccionmedioambiente@tonala.gob.mx\n<p>Curr\u00edculo<\/p>\n<p>Agenda Oficial<\/p>\n<\/td>\n<\/tr>\n<tr>\n<td class=\"has-text-align-center\" data-align=\"center\"><img loading=\"lazy\" decoding=\"async\" class=\"alignnone wp-image-36316\" src=\"https:\/\/tonala.gob.mx\/portal\/wp-content\/uploads\/2024\/10\/ESTEFANIA-OCAMPO-GUZMAN-200x300.jpg\" alt=\"\" width=\"400\" height=\"600\" srcset=\"https:\/\/tonala.gob.mx\/portal\/wp-content\/uploads\/2024\/10\/ESTEFANIA-OCAMPO-GUZMAN-200x300.jpg 200w, https:\/\/tonala.gob.mx\/portal\/wp-content\/uploads\/2024\/10\/ESTEFANIA-OCAMPO-GUZMAN-683x1024.jpg 683w, https:\/\/tonala.gob.mx\/portal\/wp-content\/uploads\/2024\/10\/ESTEFANIA-OCAMPO-GUZMAN-768x1152.jpg 768w, https:\/\/tonala.gob.mx\/portal\/wp-content\/uploads\/2024\/10\/ESTEFANIA-OCAMPO-GUZMAN-1024x1536.jpg 1024w, https:\/\/tonala.gob.mx\/portal\/wp-content\/uploads\/2024\/10\/ESTEFANIA-OCAMPO-GUZMAN-1365x2048.jpg 1365w, https:\/\/tonala.gob.mx\/portal\/wp-content\/uploads\/2024\/10\/ESTEFANIA-OCAMPO-GUZMAN-scaled.jpg 1707w\" sizes=\"(max-width: 400px) 100vw, 400px\" \/><\/td>\n<td class=\"has-text-align-left\" data-align=\"left\"><strong>Mar\u00eda Guadalupe Estefan\u00eda Ocampo Guzm\u00e1n<br \/><\/strong><br \/>Jefatura de Atenci\u00f3n Ciudadana de la Oficina de la Presidencia<\/td>\n<td class=\"has-text-align-left\" data-align=\"left\"><strong>Tel\u00e9fono:<\/strong> 33 35 86 60 00 Ext.1216<br \/><strong>Domicilio:<\/strong> Hidalgo 21 colonia Centro, Tonal\u00e1 Jalisco<br \/><strong><strong>Correo Electr\u00f3nico:<br \/><\/strong><\/strong><span style=\"font-size: 11.0pt; font-family: 'Arial',sans-serif; color: #333333; background: white;\">jef.atencionciudadana@tonala.gob.mx<\/span>\n<p>Curr\u00edculo<\/p>\n<p>Agenda Oficial<\/p>\n<\/td>\n<\/tr>\n<tr>\n<td class=\"has-text-align-center\" data-align=\"center\">\u00a0<\/td>\n<td class=\"has-text-align-left\" data-align=\"left\">\n<p><strong>Mar\u00eda de Lourdes Aguirre Arana<\/strong><\/p>\n<p>Jefatura de Inspecci\u00f3n a Comercios Fijos y Semifijos<\/p>\n<\/td>\n<td class=\"has-text-align-left\" data-align=\"left\"><strong>Tel\u00e9fono: <\/strong>33 35 86 60 00 Ext.1352<br \/><strong>Domicilio:<\/strong> Hidalgo 21 colonia Centro, Tonal\u00e1 Jalisco<br \/><strong>Correo Electr\u00f3nico: <\/strong><br \/>jef.inspeccionacomercios@tonala.gob.mx\n<p>Curr\u00edculo<\/p>\n<p><a href=\"https:\/\/portal-transparencia.tonala.gob.mx\/agenda-oficial-jefa-de-inspeccion-a-comercios-fijos-y-semifijos-maria-lourdes-aguirre-arana\/\">Agenda Oficial<\/a><\/p>\n<\/td>\n<\/tr>\n<tr>\n<td class=\"has-text-align-center\" data-align=\"center\"><img loading=\"lazy\" decoding=\"async\" class=\"alignnone size-large wp-image-36458\" src=\"https:\/\/tonala.gob.mx\/portal\/wp-content\/uploads\/2024\/10\/Juan-Manuel-Patino-Orozco-683x1024.jpg\" alt=\"\" width=\"683\" height=\"1024\" srcset=\"https:\/\/tonala.gob.mx\/portal\/wp-content\/uploads\/2024\/10\/Juan-Manuel-Patino-Orozco-683x1024.jpg 683w, https:\/\/tonala.gob.mx\/portal\/wp-content\/uploads\/2024\/10\/Juan-Manuel-Patino-Orozco-200x300.jpg 200w, https:\/\/tonala.gob.mx\/portal\/wp-content\/uploads\/2024\/10\/Juan-Manuel-Patino-Orozco-768x1152.jpg 768w, https:\/\/tonala.gob.mx\/portal\/wp-content\/uploads\/2024\/10\/Juan-Manuel-Patino-Orozco-1024x1536.jpg 1024w, https:\/\/tonala.gob.mx\/portal\/wp-content\/uploads\/2024\/10\/Juan-Manuel-Patino-Orozco-1365x2048.jpg 1365w, https:\/\/tonala.gob.mx\/portal\/wp-content\/uploads\/2024\/10\/Juan-Manuel-Patino-Orozco-scaled.jpg 1707w\" sizes=\"(max-width: 683px) 100vw, 683px\" \/><\/td>\n<td class=\"has-text-align-left\" data-align=\"left\"><strong>Juan Manuel Pati\u00f1o Orozco<\/strong>\n<p>Jefatura de Inspecci\u00f3n a Giros Blancos<\/p>\n<\/td>\n<td class=\"has-text-align-left\" data-align=\"left\"><strong>Tel\u00e9fono:<\/strong> 33 35 86 60 00 Ext.1352<br \/><strong>Domicilio:<\/strong> Hidalgo 21 colonia Centro, Tonal\u00e1 Jalisco<br \/><strong>Correo Electr\u00f3nico: <\/strong><br \/>jef.inspecciongirosblancos@tonala.gob.mx\n<p><a href=\"https:\/\/tonala.gob.mx\/portal\/wp-content\/uploads\/2021\/11\/Juan-Manuel-Patino-Orozco-Curriculum.pdf\">Curr\u00edculo<\/a><\/p>\n<p>Agenda Oficial<\/p>\n<\/td>\n<\/tr>\n<tr>\n<td class=\"has-text-align-center\" data-align=\"center\"><img loading=\"lazy\" decoding=\"async\" class=\"alignnone wp-image-36466 size-full\" src=\"https:\/\/tonala.gob.mx\/portal\/wp-content\/uploads\/2024\/10\/MARTHA-SOTO-scaled.jpg\" alt=\"\" width=\"1707\" height=\"2560\" srcset=\"https:\/\/tonala.gob.mx\/portal\/wp-content\/uploads\/2024\/10\/MARTHA-SOTO-scaled.jpg 1707w, https:\/\/tonala.gob.mx\/portal\/wp-content\/uploads\/2024\/10\/MARTHA-SOTO-200x300.jpg 200w, https:\/\/tonala.gob.mx\/portal\/wp-content\/uploads\/2024\/10\/MARTHA-SOTO-683x1024.jpg 683w, https:\/\/tonala.gob.mx\/portal\/wp-content\/uploads\/2024\/10\/MARTHA-SOTO-768x1152.jpg 768w, https:\/\/tonala.gob.mx\/portal\/wp-content\/uploads\/2024\/10\/MARTHA-SOTO-1024x1536.jpg 1024w, https:\/\/tonala.gob.mx\/portal\/wp-content\/uploads\/2024\/10\/MARTHA-SOTO-1365x2048.jpg 1365w\" sizes=\"(max-width: 1707px) 100vw, 1707px\" \/><\/td>\n<td class=\"has-text-align-left\" data-align=\"left\"><strong>Martha Soto Castillo<\/strong>\n<p>Jefatura de Inspecci\u00f3n a Giros Restringidos<\/p>\n<\/td>\n<td class=\"has-text-align-left\" data-align=\"left\"><strong>Tel\u00e9fono:<\/strong> 33 35 86 60 00 Ext.1368<br \/><strong>Domicilio:<\/strong> Morelos 155 colonia Centro, Tonal\u00e1 Jalisco<br \/><strong>Correo Electr\u00f3nico: <\/strong><br \/>jef.inspecciongirosrestringidos@tonala.gob.mx\n<p>Curr\u00edculo<\/p>\n<p><a href=\"https:\/\/portal-transparencia.tonala.gob.mx\/agenda-oficial-jefe-de-inspeccion-de-giros-restringidos-eduardo-carlos-padron-gonzalez\/\">Agenda Oficial<\/a><\/p>\n<\/td>\n<\/tr>\n<tr>\n<td class=\"has-text-align-center\" data-align=\"center\"><img loading=\"lazy\" decoding=\"async\" class=\"alignnone wp-image-36656\" src=\"https:\/\/tonala.gob.mx\/portal\/wp-content\/uploads\/2024\/10\/Cesar-Oswaldo-Munoz-Cornejo-200x300.jpg\" alt=\"\" width=\"400\" height=\"600\" srcset=\"https:\/\/tonala.gob.mx\/portal\/wp-content\/uploads\/2024\/10\/Cesar-Oswaldo-Munoz-Cornejo-200x300.jpg 200w, https:\/\/tonala.gob.mx\/portal\/wp-content\/uploads\/2024\/10\/Cesar-Oswaldo-Munoz-Cornejo-683x1024.jpg 683w, https:\/\/tonala.gob.mx\/portal\/wp-content\/uploads\/2024\/10\/Cesar-Oswaldo-Munoz-Cornejo-768x1152.jpg 768w, https:\/\/tonala.gob.mx\/portal\/wp-content\/uploads\/2024\/10\/Cesar-Oswaldo-Munoz-Cornejo-1024x1536.jpg 1024w, https:\/\/tonala.gob.mx\/portal\/wp-content\/uploads\/2024\/10\/Cesar-Oswaldo-Munoz-Cornejo-1365x2048.jpg 1365w, https:\/\/tonala.gob.mx\/portal\/wp-content\/uploads\/2024\/10\/Cesar-Oswaldo-Munoz-Cornejo-scaled.jpg 1707w\" sizes=\"(max-width: 400px) 100vw, 400px\" \/><\/td>\n<td class=\"has-text-align-left\" data-align=\"left\"><strong>Cesar Oswaldo Mu\u00f1oz Cornejo<br \/><\/strong><br \/>Jefatura de Inspecci\u00f3n a Mercados Municipales<\/td>\n<td class=\"has-text-align-left\" data-align=\"left\"><strong>Tel\u00e9fono: <\/strong>33 35 86 60 00\u00a0<br \/><strong>Domicilio:<\/strong> Morelos 155 colonia Centro, Tonal\u00e1 Jalisco<br \/><strong>Correo Electr\u00f3nico:<\/strong> <br \/>jef.inspeccionamercados@tonala.gob.mx\n<p>Curr\u00edculo<\/p>\n<p>Agenda Oficial<\/p>\n<\/td>\n<\/tr>\n<tr>\n<td class=\"has-text-align-center\" data-align=\"center\"><img loading=\"lazy\" decoding=\"async\" class=\"alignnone size-large wp-image-36424\" src=\"https:\/\/tonala.gob.mx\/portal\/wp-content\/uploads\/2024\/10\/ALEXIS-HERNANDEZ-VIZCARRA-683x1024.jpg\" alt=\"\" width=\"683\" height=\"1024\" srcset=\"https:\/\/tonala.gob.mx\/portal\/wp-content\/uploads\/2024\/10\/ALEXIS-HERNANDEZ-VIZCARRA-683x1024.jpg 683w, https:\/\/tonala.gob.mx\/portal\/wp-content\/uploads\/2024\/10\/ALEXIS-HERNANDEZ-VIZCARRA-200x300.jpg 200w, https:\/\/tonala.gob.mx\/portal\/wp-content\/uploads\/2024\/10\/ALEXIS-HERNANDEZ-VIZCARRA-768x1152.jpg 768w, https:\/\/tonala.gob.mx\/portal\/wp-content\/uploads\/2024\/10\/ALEXIS-HERNANDEZ-VIZCARRA-1024x1536.jpg 1024w, https:\/\/tonala.gob.mx\/portal\/wp-content\/uploads\/2024\/10\/ALEXIS-HERNANDEZ-VIZCARRA-1365x2048.jpg 1365w, https:\/\/tonala.gob.mx\/portal\/wp-content\/uploads\/2024\/10\/ALEXIS-HERNANDEZ-VIZCARRA-scaled.jpg 1707w\" sizes=\"(max-width: 683px) 100vw, 683px\" \/><\/td>\n<td class=\"has-text-align-left\" data-align=\"left\"><strong>Alexis Hern\u00e1ndez Vizcarra<\/strong>\n<p>Jefatura de Inspecci\u00f3n a Tianguis<\/p>\n<\/td>\n<td class=\"has-text-align-left\" data-align=\"left\"><strong>Tel\u00e9fono: <\/strong>33 35 86 60 00\u00a0<br \/><strong>Domicilio:<\/strong> Hidalgo 21 colonia Centro, Tonal\u00e1 Jalisco<br \/><strong>Correo Electr\u00f3nico: <\/strong><br \/>jef.inspeccionatianguis@tonala.gob.mx\n<p><a href=\"https:\/\/tonala.gob.mx\/portal\/wp-content\/uploads\/2024\/11\/ALEXIS-ABRAHAM-HERNANDEZ-VIZCARRA.pdf\">Curr\u00edculo<\/a><\/p>\n<p><a href=\"https:\/\/portal-transparencia.tonala.gob.mx\/agenda-oficial-jefe-de-inspeccion-a-tianguis-alexis-abraham-hernandez-vizcarra\/\">Agenda Oficial<\/a><\/p>\n<\/td>\n<\/tr>\n<tr>\n<td class=\"has-text-align-center\" data-align=\"center\"><img loading=\"lazy\" decoding=\"async\" class=\"alignnone size-large wp-image-36454\" src=\"https:\/\/tonala.gob.mx\/portal\/wp-content\/uploads\/2024\/10\/Juan-Carlos-Iniguez-683x1024.jpg\" alt=\"\" width=\"683\" height=\"1024\" srcset=\"https:\/\/tonala.gob.mx\/portal\/wp-content\/uploads\/2024\/10\/Juan-Carlos-Iniguez-683x1024.jpg 683w, https:\/\/tonala.gob.mx\/portal\/wp-content\/uploads\/2024\/10\/Juan-Carlos-Iniguez-200x300.jpg 200w, https:\/\/tonala.gob.mx\/portal\/wp-content\/uploads\/2024\/10\/Juan-Carlos-Iniguez-768x1152.jpg 768w, https:\/\/tonala.gob.mx\/portal\/wp-content\/uploads\/2024\/10\/Juan-Carlos-Iniguez-1024x1536.jpg 1024w, https:\/\/tonala.gob.mx\/portal\/wp-content\/uploads\/2024\/10\/Juan-Carlos-Iniguez-1365x2048.jpg 1365w, https:\/\/tonala.gob.mx\/portal\/wp-content\/uploads\/2024\/10\/Juan-Carlos-Iniguez-scaled.jpg 1707w\" sizes=\"(max-width: 683px) 100vw, 683px\" \/><\/td>\n<td class=\"has-text-align-left\" data-align=\"left\"><strong>Juan Carlos Gonz\u00e1lez I\u00f1iguez<br \/><\/strong><br \/>Jefatura de Inspecci\u00f3n a Anuncios Estructurales, Puentes y Vallas<\/td>\n<td class=\"has-text-align-left\" data-align=\"left\">\n<p><strong>Tel\u00e9fono: <\/strong>33 35 86 60 00\u00a0<br \/><strong>Domicilio:<\/strong> Morelos 155\u00a0colonia Centro, Tonal\u00e1 Jalisco<br \/><strong>Correo Electr\u00f3nico: <\/strong><br \/>jef.inspeccionanuncios@tonala.gob.mx<\/p>\n<p>Curr\u00edculo<\/p>\n<p>Agenda Oficial<\/p>\n<\/td>\n<\/tr>\n<tr>\n<td class=\"has-text-align-center\" data-align=\"center\"><img loading=\"lazy\" decoding=\"async\" class=\"size-large wp-image-36367 alignnone\" src=\"https:\/\/tonala.gob.mx\/portal\/wp-content\/uploads\/2024\/10\/VIDAL-SUSTAITA-683x1024.jpg\" alt=\"\" width=\"683\" height=\"1024\" srcset=\"https:\/\/tonala.gob.mx\/portal\/wp-content\/uploads\/2024\/10\/VIDAL-SUSTAITA-683x1024.jpg 683w, https:\/\/tonala.gob.mx\/portal\/wp-content\/uploads\/2024\/10\/VIDAL-SUSTAITA-200x300.jpg 200w, https:\/\/tonala.gob.mx\/portal\/wp-content\/uploads\/2024\/10\/VIDAL-SUSTAITA-768x1152.jpg 768w, https:\/\/tonala.gob.mx\/portal\/wp-content\/uploads\/2024\/10\/VIDAL-SUSTAITA-1024x1536.jpg 1024w, https:\/\/tonala.gob.mx\/portal\/wp-content\/uploads\/2024\/10\/VIDAL-SUSTAITA-1365x2048.jpg 1365w, https:\/\/tonala.gob.mx\/portal\/wp-content\/uploads\/2024\/10\/VIDAL-SUSTAITA-scaled.jpg 1707w\" sizes=\"(max-width: 683px) 100vw, 683px\" \/><\/td>\n<td class=\"has-text-align-left\" data-align=\"left\"><strong>Vidal Sustaita Becerra<\/strong>\n<p>Direcci\u00f3n de Delegaciones y Agencias<\/p>\n<\/td>\n<td class=\"has-text-align-left\" data-align=\"left\"><strong>Tel\u00e9fono: <\/strong>33 35 86 60 00 Ext. <br \/><strong>Domicilio:<\/strong> Hidalgo 21 colonia Centro, Tonal\u00e1 Jalisco<br \/><strong>Correo Electr\u00f3nico: <\/strong><br \/>dir.delegacionesyagencias@tonala.gob.mx\n<p><a href=\"https:\/\/tonala.gob.mx\/portal\/wp-content\/uploads\/2021\/11\/Vidal-Sustaita-Becerra-Curriculum.pdf\">Curr\u00edculo<\/a><\/p>\n<p><a href=\"https:\/\/portal-transparencia.tonala.gob.mx\/agenda-oficial-director-de-delegaciones-y-agencias-municipal-vidal-sustaita-becerra\/\">Agenda Oficial<\/a><\/p>\n<\/td>\n<\/tr>\n<tr>\n<td class=\"has-text-align-center\" data-align=\"center\">\u00a0<\/td>\n<td class=\"has-text-align-left\" data-align=\"left\">Consejer\u00eda Jur\u00eddica<\/td>\n<td class=\"has-text-align-left\" data-align=\"left\">Tel\u00e9fono: 33 35 86 60 00 Ext. <br \/><strong>Domicilio: <\/strong>Hidalgo 21 colonia Centro, Tonal\u00e1 Jalisco<br \/><strong>Correo Electr\u00f3nico: <\/strong><br \/>consejeriajuridica@tonala.gob.mx\n<p>Curr\u00edculo<\/p>\n<p>Agenda Oficial<\/p>\n<\/td>\n<\/tr>\n<tr>\n<td class=\"has-text-align-center\" data-align=\"center\">\u00a0<\/td>\n<td class=\"has-text-align-left\" data-align=\"left\">Jefatura Jur\u00eddica y de Seguimiento<\/td>\n<td class=\"has-text-align-left\" data-align=\"left\"><strong>Tel\u00e9fono:<\/strong> 33 35 86 60 00 Ext. <br \/><strong>Domicilio:<\/strong> Hidalgo 21 colonia Centro, Tonal\u00e1 Jalisco<br \/><strong>Correo Electr\u00f3nico: <\/strong><br \/>jef.juridicaydeseguimiento@tonala.gob.mx\n<p>Curr\u00edculo<\/p>\n<p>Agenda Oficial<\/p>\n<\/td>\n<\/tr>\n<tr>\n<td class=\"has-text-align-center\" data-align=\"center\"><img loading=\"lazy\" decoding=\"async\" class=\"alignnone size-large wp-image-36442\" src=\"https:\/\/tonala.gob.mx\/portal\/wp-content\/uploads\/2024\/10\/Francisco-J.-Reyes-Ruiz-683x1024.jpg\" alt=\"\" width=\"683\" height=\"1024\" srcset=\"https:\/\/tonala.gob.mx\/portal\/wp-content\/uploads\/2024\/10\/Francisco-J.-Reyes-Ruiz-683x1024.jpg 683w, https:\/\/tonala.gob.mx\/portal\/wp-content\/uploads\/2024\/10\/Francisco-J.-Reyes-Ruiz-200x300.jpg 200w, https:\/\/tonala.gob.mx\/portal\/wp-content\/uploads\/2024\/10\/Francisco-J.-Reyes-Ruiz-768x1152.jpg 768w, https:\/\/tonala.gob.mx\/portal\/wp-content\/uploads\/2024\/10\/Francisco-J.-Reyes-Ruiz-1024x1536.jpg 1024w, https:\/\/tonala.gob.mx\/portal\/wp-content\/uploads\/2024\/10\/Francisco-J.-Reyes-Ruiz-1365x2048.jpg 1365w, https:\/\/tonala.gob.mx\/portal\/wp-content\/uploads\/2024\/10\/Francisco-J.-Reyes-Ruiz-scaled.jpg 1707w\" sizes=\"(max-width: 683px) 100vw, 683px\" \/><\/td>\n<td class=\"has-text-align-left\" data-align=\"left\"><strong>Francisco Javier Reyes Ruiz<\/strong>\n<p>Jefatura de la Oficina de la Presidencia<\/p>\n<\/td>\n<td class=\"has-text-align-left\" data-align=\"left\"><strong>Tel\u00e9fono:<\/strong> 33 35 86 60 00 Ext.1077<br \/><strong>Domicilio:<\/strong> Hidalgo 21 colonia Centro, Tonal\u00e1 Jalisco<br \/><strong>Correo Electr\u00f3nico: <\/strong><br \/>jef.oficinadelapresidencia@tonala.gob.mx\n<p><a href=\"https:\/\/tonala.gob.mx\/portal\/wp-content\/uploads\/2021\/11\/FRANCISCO-JAVIER-REYES-RUIZ.pdf\">Curr\u00edculo<\/a><\/p>\n<p><a href=\"https:\/\/portal-transparencia.tonala.gob.mx\/agenda-oficial-jefe-de-la-oficina-de-la-presidencia-lic-francisco-javier-reyes-ruiz\/\">Agenda Oficial<\/a><\/p>\n<\/td>\n<\/tr>\n<\/tbody>\n<\/table>\n<\/figure>\n<\/div>\n","protected":false},"excerpt":{"rendered":"<p>Carlos Alberto Mart\u00ednez MagueyJefatura de Gabinete Tel\u00e9fono: 33 35 86 60 00\u00a0Domicilio: Hidalgo 21 colonia Centro, Tonal\u00e1 JaliscoCorreo Electr\u00f3nico: jefaturadegabinete@tonala.gob.mx<\/p>\n","protected":false},"author":1,"featured_media":0,"parent":0,"menu_order":0,"comment_status":"closed","ping_status":"closed","template":"","meta":{"colormag_page_container_layout":"default_layout","colormag_page_sidebar_layout":"default_layout","footnotes":""},"class_list":["post-595","page","type-page","status-publish","hentry"],"_links":{"self":[{"href":"https:\/\/tonala.gob.mx\/portal\/wp-json\/wp\/v2\/pages\/595","targetHints":{"allow":["GET"]}}],"collection":[{"href":"https:\/\/tonala.gob.mx\/portal\/wp-json\/wp\/v2\/pages"}],"about":[{"href":"https:\/\/tonala.gob.mx\/portal\/wp-json\/wp\/v2\/types\/page"}],"author":[{"embeddable":true,"href":"https:\/\/tonala.gob.mx\/portal\/wp-json\/wp\/v2\/users\/1"}],"replies":[{"embeddable":true,"href":"https:\/\/tonala.gob.mx\/portal\/wp-json\/wp\/v2\/comments?post=595"}],"version-history":[{"count":329,"href":"https:\/\/tonala.gob.mx\/portal\/wp-json\/wp\/v2\/pages\/595\/revisions"}],"predecessor-version":[{"id":38798,"href":"https:\/\/tonala.gob.mx\/portal\/wp-json\/wp\/v2\/pages\/595\/revisions\/38798"}],"wp:attachment":[{"href":"https:\/\/tonala.gob.mx\/portal\/wp-json\/wp\/v2\/media?parent=595"}],"curies":[{"name":"wp","href":"https:\/\/api.w.org\/{rel}","templated":true}]}}