{"id":541,"date":"2015-11-17T19:32:44","date_gmt":"2015-11-17T19:32:44","guid":{"rendered":"http:\/\/tonala.gob.mx\/portal\/?page_id=541"},"modified":"2026-04-15T14:57:57","modified_gmt":"2026-04-15T20:57:57","slug":"direccion-general-de-servicios-publicos-municipales","status":"publish","type":"page","link":"https:\/\/tonala.gob.mx\/portal\/direccion-general-de-servicios-publicos-municipales\/","title":{"rendered":"Direcci\u00f3n General de Servicios P\u00fablicos Municipales"},"content":{"rendered":"\n<div class=\"wp-block-columns is-layout-flex wp-container-core-columns-is-layout-28f84493 wp-block-columns-is-layout-flex\">\n<div class=\"wp-block-column is-vertically-aligned-center is-layout-flow wp-block-column-is-layout-flow\" style=\"flex-basis:100%\"><\/div>\n<\/div>\n\n\n\n<figure class=\"wp-block-table\"><table class=\"has-fixed-layout\"><tbody><tr><td><img fetchpriority=\"high\" decoding=\"async\" width=\"400\" height=\"600\" class=\"wp-image-36472\" style=\"width: 400px;\" src=\"https:\/\/tonala.gob.mx\/portal\/wp-content\/uploads\/2024\/10\/RUFINO-ARTEAGA-scaled.jpg\" alt=\"\" srcset=\"https:\/\/tonala.gob.mx\/portal\/wp-content\/uploads\/2024\/10\/RUFINO-ARTEAGA-scaled.jpg 1707w, https:\/\/tonala.gob.mx\/portal\/wp-content\/uploads\/2024\/10\/RUFINO-ARTEAGA-200x300.jpg 200w, https:\/\/tonala.gob.mx\/portal\/wp-content\/uploads\/2024\/10\/RUFINO-ARTEAGA-683x1024.jpg 683w, https:\/\/tonala.gob.mx\/portal\/wp-content\/uploads\/2024\/10\/RUFINO-ARTEAGA-768x1152.jpg 768w, https:\/\/tonala.gob.mx\/portal\/wp-content\/uploads\/2024\/10\/RUFINO-ARTEAGA-1024x1536.jpg 1024w, https:\/\/tonala.gob.mx\/portal\/wp-content\/uploads\/2024\/10\/RUFINO-ARTEAGA-1365x2048.jpg 1365w\" sizes=\"(max-width: 400px) 100vw, 400px\" \/><\/td><td><strong>Rufino Arteaga P\u00e9rez<\/strong><br>Direcci\u00f3n General de Servicios P\u00fablicos Municipales<\/td><td><strong>Tel\u00e9fono:<\/strong> 33 35 86 60 00 Ext. <br><strong>Domicilio:<\/strong> Cuauht\u00e9moc 300 colonia Centro, Tonal\u00e1 Jalisco<br><strong>Correo Electr\u00f3nico: <\/strong>dir.serviciospublicosmunicipales@tonala.gob.mx<br>Curr\u00edculo<br><a href=\"https:\/\/portal-transparencia.tonala.gob.mx\/agenda-oficial-director-general-de-servicios-publicos-municipales-rufino-arteaga-perez\/\">Agenda Oficial<\/a><br><a href=\"https:\/\/drive.google.com\/file\/d\/1dNTN0BOzYIZBCY4Zr7TzKVqmJkNiniAL\/view?usp=drive_link\">Plan de Trabajo<\/a><\/td><\/tr><tr><td><img decoding=\"async\" width=\"400\" height=\"601\" class=\"wp-image-37266\" style=\"width: 400px;\" src=\"https:\/\/tonala.gob.mx\/portal\/wp-content\/uploads\/2025\/01\/RODOLFO-NICOLAS-MAESTRO-GUTIERREZ-de-tamano-mediano.jpeg\" alt=\"\" srcset=\"https:\/\/tonala.gob.mx\/portal\/wp-content\/uploads\/2025\/01\/RODOLFO-NICOLAS-MAESTRO-GUTIERREZ-de-tamano-mediano.jpeg 426w, https:\/\/tonala.gob.mx\/portal\/wp-content\/uploads\/2025\/01\/RODOLFO-NICOLAS-MAESTRO-GUTIERREZ-de-tamano-mediano-200x300.jpeg 200w\" sizes=\"(max-width: 400px) 100vw, 400px\" \/><\/td><td><strong>Rodolfo Nicol\u00e1s Maestro Guti\u00e9rrez<\/strong><br>Direcci\u00f3n de Agua Potable y Redes Hidrosanitarias<\/td><td><strong>Tel\u00e9fono:<\/strong> 33 35 86 60 00 Ext. <br><strong>Domicilio:<\/strong> Pedro Moreno 229 colonia Centro, Tonal\u00e1 Jalisco<br><strong>Correo Electr\u00f3nico: <\/strong><br>dir.aguapotable@tonala.gob.mx<strong><br><\/strong>Curr\u00edculo<br>Agenda Oficial<\/td><\/tr><tr><td><img decoding=\"async\" width=\"400\" height=\"600\" class=\"wp-image-36444\" style=\"width: 400px;\" src=\"https:\/\/tonala.gob.mx\/portal\/wp-content\/uploads\/2024\/10\/Gustavo-Guerrero-scaled.jpg\" alt=\"\" srcset=\"https:\/\/tonala.gob.mx\/portal\/wp-content\/uploads\/2024\/10\/Gustavo-Guerrero-scaled.jpg 1707w, https:\/\/tonala.gob.mx\/portal\/wp-content\/uploads\/2024\/10\/Gustavo-Guerrero-200x300.jpg 200w, https:\/\/tonala.gob.mx\/portal\/wp-content\/uploads\/2024\/10\/Gustavo-Guerrero-683x1024.jpg 683w, https:\/\/tonala.gob.mx\/portal\/wp-content\/uploads\/2024\/10\/Gustavo-Guerrero-768x1152.jpg 768w, https:\/\/tonala.gob.mx\/portal\/wp-content\/uploads\/2024\/10\/Gustavo-Guerrero-1024x1536.jpg 1024w, https:\/\/tonala.gob.mx\/portal\/wp-content\/uploads\/2024\/10\/Gustavo-Guerrero-1365x2048.jpg 1365w\" sizes=\"(max-width: 400px) 100vw, 400px\" \/><\/td><td><strong>Gustavo Guerrero G\u00e1mez <\/strong><br>Jefatura de Abasto de Agua y Redes Hidrosanitarias<\/td><td><strong>Tel\u00e9fono:<\/strong> 33 35 86 60 00 Ext. <br><strong>Domicilio:<\/strong> Pedro Moreno 229 colonia Centro, Tonal\u00e1 Jalisco<br><strong>Correo Electr\u00f3nico: <\/strong><br>jef.abastodeagua@tonala.gob.mx<strong><br><\/strong>Curr\u00edculo<br><a href=\"https:\/\/portal-transparencia.tonala.gob.mx\/agenda-jefe-de-abasto-de-agua-y-redes-hidrosanitarias-gustavo-guerrero-gamez\/\">Agenda Oficial<\/a><\/td><\/tr><tr><td><\/td><td><br>Jefatura de Dictaminaci\u00f3n y Cuentas<\/td><td><strong>Tel\u00e9fono: <\/strong>33 35 86 60 00 Ext. <br><strong>Domicilio:<\/strong> Pedro Moreno 229 colonia Centro, Tonal\u00e1 Jalisco<br><strong>Correo Electr\u00f3nico: <\/strong><br>jef.dictaminacionycuentas@tonala.gob.mx<br>Curr\u00edculo<br>Agenda Oficial<\/td><\/tr><tr><td><img loading=\"lazy\" decoding=\"async\" width=\"400\" height=\"600\" class=\"wp-image-36477\" style=\"width: 400px;\" src=\"https:\/\/tonala.gob.mx\/portal\/wp-content\/uploads\/2024\/10\/VALENTIN-TEJADA-scaled.jpg\" alt=\"\" srcset=\"https:\/\/tonala.gob.mx\/portal\/wp-content\/uploads\/2024\/10\/VALENTIN-TEJADA-scaled.jpg 1707w, https:\/\/tonala.gob.mx\/portal\/wp-content\/uploads\/2024\/10\/VALENTIN-TEJADA-200x300.jpg 200w, https:\/\/tonala.gob.mx\/portal\/wp-content\/uploads\/2024\/10\/VALENTIN-TEJADA-683x1024.jpg 683w, https:\/\/tonala.gob.mx\/portal\/wp-content\/uploads\/2024\/10\/VALENTIN-TEJADA-768x1152.jpg 768w, https:\/\/tonala.gob.mx\/portal\/wp-content\/uploads\/2024\/10\/VALENTIN-TEJADA-1024x1536.jpg 1024w, https:\/\/tonala.gob.mx\/portal\/wp-content\/uploads\/2024\/10\/VALENTIN-TEJADA-1365x2048.jpg 1365w\" sizes=\"(max-width: 400px) 100vw, 400px\" \/><\/td><td><strong>Valent\u00edn Tejada Flores<\/strong><br>Jefatura de Sistemas de Captaci\u00f3n y Calidad del Agua<\/td><td><strong>Tel\u00e9fono: <\/strong>33 35 86 60 00 Ext. 4073<br><strong>Domicilio:<\/strong> Pedro Moreno 229 colonia Centro, Tonal\u00e1 Jalisco<br><strong>Correo Electr\u00f3nico: <\/strong>jef.sistemasdecaptacion@tonala.gob.mx<br>Curr\u00edculo<br>Agenda Oficial<\/td><\/tr><tr><td><img loading=\"lazy\" decoding=\"async\" width=\"400\" height=\"600\" class=\"wp-image-36349\" style=\"width: 400px;\" src=\"https:\/\/tonala.gob.mx\/portal\/wp-content\/uploads\/2024\/10\/PEDRO-VELAZQUEZ-ELIZALDE-scaled.jpg\" alt=\"\" srcset=\"https:\/\/tonala.gob.mx\/portal\/wp-content\/uploads\/2024\/10\/PEDRO-VELAZQUEZ-ELIZALDE-scaled.jpg 1707w, https:\/\/tonala.gob.mx\/portal\/wp-content\/uploads\/2024\/10\/PEDRO-VELAZQUEZ-ELIZALDE-200x300.jpg 200w, https:\/\/tonala.gob.mx\/portal\/wp-content\/uploads\/2024\/10\/PEDRO-VELAZQUEZ-ELIZALDE-683x1024.jpg 683w, https:\/\/tonala.gob.mx\/portal\/wp-content\/uploads\/2024\/10\/PEDRO-VELAZQUEZ-ELIZALDE-768x1152.jpg 768w, https:\/\/tonala.gob.mx\/portal\/wp-content\/uploads\/2024\/10\/PEDRO-VELAZQUEZ-ELIZALDE-1024x1536.jpg 1024w, https:\/\/tonala.gob.mx\/portal\/wp-content\/uploads\/2024\/10\/PEDRO-VELAZQUEZ-ELIZALDE-1365x2048.jpg 1365w\" sizes=\"(max-width: 400px) 100vw, 400px\" \/><\/td><td><strong>Pedro Javier Vel\u00e1zquez Elizalde<\/strong><br>Direcci\u00f3n de Aseo P\u00fablico y Limpia<\/td><td><strong>Tel\u00e9fono:<\/strong> 33 35 86 60 00 Ext. 4075<br><strong>Domicilio:<\/strong> Pedro Moreno 229 colonia Centro, Tonal\u00e1 Jalisco<br><strong>Correo Electr\u00f3nico: <\/strong>dir.aseopublico@tonala.gob.mx<br>Curr\u00edculo<br><a href=\"https:\/\/portal-transparencia.tonala.gob.mx\/agenda-oficial-jefe-de-aseo-publico-c-pedro-javier-velazquez-elizalde\/\">Agenda Oficial<\/a><\/td><\/tr><tr><td><\/td><td><strong><br><\/strong>Jefatura de Aseo Domiciliario<\/td><td><strong>Tel\u00e9fono:<\/strong> 33 35 86 60 00 <br><strong>Domicilio:<\/strong> Pedro Moreno 229 colonia Centro, Tonal\u00e1 Jalisco<br><strong>Correo Electr\u00f3nico: <\/strong>@tonala.gob.mx<br>Curr\u00edculo<br>Agenda Oficial<\/td><\/tr><tr><td><img loading=\"lazy\" decoding=\"async\" width=\"400\" height=\"601\" class=\"wp-image-37264\" style=\"width: 400px;\" src=\"https:\/\/tonala.gob.mx\/portal\/wp-content\/uploads\/2025\/01\/BERNARDO-BRIONES-SAAVEDRA-de-tamano-mediano.jpeg\" alt=\"\" srcset=\"https:\/\/tonala.gob.mx\/portal\/wp-content\/uploads\/2025\/01\/BERNARDO-BRIONES-SAAVEDRA-de-tamano-mediano.jpeg 426w, https:\/\/tonala.gob.mx\/portal\/wp-content\/uploads\/2025\/01\/BERNARDO-BRIONES-SAAVEDRA-de-tamano-mediano-200x300.jpeg 200w\" sizes=\"(max-width: 400px) 100vw, 400px\" \/><\/td><td><strong>Bernardo Briones Saavedra<br><\/strong>Jefatura de Aseo Contratado<\/td><td><strong>Tel\u00e9fono:<\/strong> 33 35 86 60 00 Ext. <br><strong>Domicilio:<\/strong> Pedro Moreno 229 colonia Centro, Tonal\u00e1 Jalisco<br><strong>Correo Electr\u00f3nico: <\/strong>jef.aseocontratado@tonala.gob.mx<br>Curr\u00edculo<br><a href=\"https:\/\/portal-transparencia.tonala.gob.mx\/agenda-oficial-jefe-de-aseo-contratado-abogado-bernardo-brionez-saavedra\/\">Agenda Oficial<\/a><\/td><\/tr><tr><td><\/td><td><\/td><td><\/td><\/tr><tr><td><img loading=\"lazy\" decoding=\"async\" width=\"400\" height=\"600\" class=\"wp-image-36432\" style=\"width: 400px;\" src=\"https:\/\/tonala.gob.mx\/portal\/wp-content\/uploads\/2024\/10\/BENITO-SANCHEZ-scaled.jpg\" alt=\"\" srcset=\"https:\/\/tonala.gob.mx\/portal\/wp-content\/uploads\/2024\/10\/BENITO-SANCHEZ-scaled.jpg 1707w, https:\/\/tonala.gob.mx\/portal\/wp-content\/uploads\/2024\/10\/BENITO-SANCHEZ-200x300.jpg 200w, https:\/\/tonala.gob.mx\/portal\/wp-content\/uploads\/2024\/10\/BENITO-SANCHEZ-683x1024.jpg 683w, https:\/\/tonala.gob.mx\/portal\/wp-content\/uploads\/2024\/10\/BENITO-SANCHEZ-768x1152.jpg 768w, https:\/\/tonala.gob.mx\/portal\/wp-content\/uploads\/2024\/10\/BENITO-SANCHEZ-1024x1536.jpg 1024w, https:\/\/tonala.gob.mx\/portal\/wp-content\/uploads\/2024\/10\/BENITO-SANCHEZ-1365x2048.jpg 1365w\" sizes=\"(max-width: 400px) 100vw, 400px\" \/><\/td><td><strong>Benito S\u00e1nchez Mart\u00ednez<\/strong><span id=\"docs-internal-guid-bac4b947-7fff-5426-00d2-1d46e93dfc34\"><div><span style=\"font-size: 11.5pt; font-family: Calibri, sans-serif; color: rgb(5, 5, 5); background-color: rgb(0, 255, 0); font-variant-numeric: normal; font-variant-east-asian: normal; font-variant-alternates: normal; font-variant-position: normal; vertical-align: baseline;\"><\/span><\/div><\/span>Jefatura de la Estaci\u00f3n de Transferencia<\/td><td><strong>Tel\u00e9fono: <\/strong>33 15 14 86 37 <br><strong>Domicilio:<\/strong> Circuito Loma China colonia Loma Dorada, Tonal\u00e1 Jalisco<br><strong>Correo Electr\u00f3nico: <\/strong>jef.estaciondetransferencia@tonala.gob.mx<br>Curr\u00edculo<br><a href=\"https:\/\/portal-transparencia.tonala.gob.mx\/agenda-oficial-jefe-de-la-estacion-de-transferencia-c-benito-sanchez-martinez\/\">Agenda Oficial<\/a><\/td><\/tr><tr><td><img loading=\"lazy\" decoding=\"async\" width=\"400\" height=\"600\" class=\"wp-image-36337\" style=\"width: 400px;\" src=\"https:\/\/tonala.gob.mx\/portal\/wp-content\/uploads\/2024\/10\/JOSE-MENDEZ-NUNEZ-scaled.jpg\" alt=\"\" srcset=\"https:\/\/tonala.gob.mx\/portal\/wp-content\/uploads\/2024\/10\/JOSE-MENDEZ-NUNEZ-scaled.jpg 1707w, https:\/\/tonala.gob.mx\/portal\/wp-content\/uploads\/2024\/10\/JOSE-MENDEZ-NUNEZ-200x300.jpg 200w, https:\/\/tonala.gob.mx\/portal\/wp-content\/uploads\/2024\/10\/JOSE-MENDEZ-NUNEZ-683x1024.jpg 683w, https:\/\/tonala.gob.mx\/portal\/wp-content\/uploads\/2024\/10\/JOSE-MENDEZ-NUNEZ-768x1152.jpg 768w, https:\/\/tonala.gob.mx\/portal\/wp-content\/uploads\/2024\/10\/JOSE-MENDEZ-NUNEZ-1024x1536.jpg 1024w, https:\/\/tonala.gob.mx\/portal\/wp-content\/uploads\/2024\/10\/JOSE-MENDEZ-NUNEZ-1365x2048.jpg 1365w\" sizes=\"(max-width: 400px) 100vw, 400px\" \/><\/td><td><strong>Jos\u00e9 M\u00e9ndez N\u00fa\u00f1ez<\/strong><br>Direcci\u00f3n de Alumbrado P\u00fablico<\/td><td><strong>Tel\u00e9fono:<\/strong> 33 38 37 40 87, 33 38 37 40 88 <br><strong>Domicilio:<\/strong> Pedro Moreno 229 colonia Centro, Tonal\u00e1 Jalisco<br><strong>Correo Electr\u00f3nico: <\/strong>dir.alumbradopublico@tonala.gob.mx<br>Curr\u00edculo<br><a href=\"https:\/\/portal-transparencia.tonala.gob.mx\/agenda-oficial-jefatura-de-alumbrado-publico-abogada-jacqueline-tejada-flores\/\">Agenda Oficial<\/a><\/td><\/tr><tr><td><img loading=\"lazy\" decoding=\"async\" width=\"400\" height=\"600\" class=\"wp-image-36428\" style=\"width: 400px;\" src=\"https:\/\/tonala.gob.mx\/portal\/wp-content\/uploads\/2024\/10\/ARMANDO-AMANTE-scaled.jpg\" alt=\"\" srcset=\"https:\/\/tonala.gob.mx\/portal\/wp-content\/uploads\/2024\/10\/ARMANDO-AMANTE-scaled.jpg 1707w, https:\/\/tonala.gob.mx\/portal\/wp-content\/uploads\/2024\/10\/ARMANDO-AMANTE-200x300.jpg 200w, https:\/\/tonala.gob.mx\/portal\/wp-content\/uploads\/2024\/10\/ARMANDO-AMANTE-683x1024.jpg 683w, https:\/\/tonala.gob.mx\/portal\/wp-content\/uploads\/2024\/10\/ARMANDO-AMANTE-768x1152.jpg 768w, https:\/\/tonala.gob.mx\/portal\/wp-content\/uploads\/2024\/10\/ARMANDO-AMANTE-1024x1536.jpg 1024w, https:\/\/tonala.gob.mx\/portal\/wp-content\/uploads\/2024\/10\/ARMANDO-AMANTE-1365x2048.jpg 1365w\" sizes=\"(max-width: 400px) 100vw, 400px\" \/><\/td><td><strong>Armando Amante Mart\u00ednez <\/strong><br>Jefatura operativa (Alumbrado P\u00fablico)<\/td><td><strong>Tel\u00e9fono:<\/strong> 33 38 37 40 87, 33 38 37 40 88 <br><strong>Domicilio:<\/strong> Pedro Moreno 229 colonia Centro, Tonal\u00e1 Jalisco<br><strong>Correo Electr\u00f3nico: <\/strong><br><br>Curr\u00edculo<br>Agenda Oficial<\/td><\/tr><tr><td><img loading=\"lazy\" decoding=\"async\" width=\"400\" height=\"600\" class=\"wp-image-36474\" style=\"width: 400px;\" src=\"https:\/\/tonala.gob.mx\/portal\/wp-content\/uploads\/2024\/10\/SERGIO-GONZALEZ-ALCANTARA-scaled.jpg\" alt=\"\" srcset=\"https:\/\/tonala.gob.mx\/portal\/wp-content\/uploads\/2024\/10\/SERGIO-GONZALEZ-ALCANTARA-scaled.jpg 1707w, https:\/\/tonala.gob.mx\/portal\/wp-content\/uploads\/2024\/10\/SERGIO-GONZALEZ-ALCANTARA-200x300.jpg 200w, https:\/\/tonala.gob.mx\/portal\/wp-content\/uploads\/2024\/10\/SERGIO-GONZALEZ-ALCANTARA-683x1024.jpg 683w, https:\/\/tonala.gob.mx\/portal\/wp-content\/uploads\/2024\/10\/SERGIO-GONZALEZ-ALCANTARA-768x1152.jpg 768w, https:\/\/tonala.gob.mx\/portal\/wp-content\/uploads\/2024\/10\/SERGIO-GONZALEZ-ALCANTARA-1024x1536.jpg 1024w, https:\/\/tonala.gob.mx\/portal\/wp-content\/uploads\/2024\/10\/SERGIO-GONZALEZ-ALCANTARA-1365x2048.jpg 1365w\" sizes=\"(max-width: 400px) 100vw, 400px\" \/><\/td><td><strong>Sergio S. Gonz\u00e1lez Alc\u00e1ntara<\/strong><br><br>Direcci\u00f3n de Parques y Jardines<\/td><td><strong>Tel\u00e9fono:<\/strong> 33 35 86 60 00 Ext. 4080<br><strong>Domicilio:<\/strong> Pedro Moreno 229 colonia Centro, Tonal\u00e1 Jalisco<br><strong>Correo Electr\u00f3nico:<\/strong> dir.parquesyjardines@tonala.gob.mx<br>Curr\u00edculo<br><a href=\"https:\/\/portal-transparencia.tonala.gob.mx\/agenda-oficial-director-de-parques-y-jardines-m-v-z-sergio-salvador-gonzalez-alcantara\/\">Agenda Oficial<\/a><\/td><\/tr><tr><td><img loading=\"lazy\" decoding=\"async\" width=\"400\" height=\"600\" class=\"wp-image-36762\" style=\"width: 400px;\" src=\"https:\/\/tonala.gob.mx\/portal\/wp-content\/uploads\/2024\/11\/Manrique-Uriel-Garcia-Benitez.jpg\" alt=\"\" srcset=\"https:\/\/tonala.gob.mx\/portal\/wp-content\/uploads\/2024\/11\/Manrique-Uriel-Garcia-Benitez.jpg 1024w, https:\/\/tonala.gob.mx\/portal\/wp-content\/uploads\/2024\/11\/Manrique-Uriel-Garcia-Benitez-200x300.jpg 200w, https:\/\/tonala.gob.mx\/portal\/wp-content\/uploads\/2024\/11\/Manrique-Uriel-Garcia-Benitez-683x1024.jpg 683w, https:\/\/tonala.gob.mx\/portal\/wp-content\/uploads\/2024\/11\/Manrique-Uriel-Garcia-Benitez-768x1152.jpg 768w\" sizes=\"(max-width: 400px) 100vw, 400px\" \/><\/td><td><strong>Manrique Uriel Garc\u00eda Ben\u00edtez<\/strong><br>Jefatura Operativa de Parques y Jardines<\/td><td>Tel\u00e9fono: 33 35 86 60 00 Ext. <br>Domicilio: Pedro Moreno 229 colonia Centro, Tonal\u00e1 Jalisco<br>Correo Electr\u00f3nico: @tonala.gob.mx<br>Curr\u00edculo<br>Agenda Oficial<\/td><\/tr><tr><td><\/td><td><strong>Juan Carlos Medrano Gonz\u00e1lez<\/strong><br>Jefatura Forestal<\/td><td>Tel\u00e9fono: 33 35 86 60 00 Ext. <br>Domicilio: Pedro Moreno 229 colonia Centro, Tonal\u00e1 Jalisco<br>Correo Electr\u00f3nico: jef.forestal@tonala.gob.mx<br>Curr\u00edculo<br>Agenda Oficial<\/td><\/tr><tr><td><img loading=\"lazy\" decoding=\"async\" width=\"400\" height=\"600\" class=\"wp-image-36362\" style=\"width: 400px;\" src=\"https:\/\/tonala.gob.mx\/portal\/wp-content\/uploads\/2024\/10\/SALVADOR-CASTELLANOS-scaled.jpg\" alt=\"\" srcset=\"https:\/\/tonala.gob.mx\/portal\/wp-content\/uploads\/2024\/10\/SALVADOR-CASTELLANOS-scaled.jpg 1707w, https:\/\/tonala.gob.mx\/portal\/wp-content\/uploads\/2024\/10\/SALVADOR-CASTELLANOS-200x300.jpg 200w, https:\/\/tonala.gob.mx\/portal\/wp-content\/uploads\/2024\/10\/SALVADOR-CASTELLANOS-683x1024.jpg 683w, https:\/\/tonala.gob.mx\/portal\/wp-content\/uploads\/2024\/10\/SALVADOR-CASTELLANOS-768x1152.jpg 768w, https:\/\/tonala.gob.mx\/portal\/wp-content\/uploads\/2024\/10\/SALVADOR-CASTELLANOS-1024x1536.jpg 1024w, https:\/\/tonala.gob.mx\/portal\/wp-content\/uploads\/2024\/10\/SALVADOR-CASTELLANOS-1365x2048.jpg 1365w\" sizes=\"(max-width: 400px) 100vw, 400px\" \/><\/td><td><strong>Salvador Castellanos Valladolid<\/strong><br>Direcci\u00f3n de Mejoramiento Urbano<\/td><td><strong>Tel\u00e9fono:<\/strong> 33 35 86 60 00 Ext. 4073<br><strong>Domicilio:<\/strong> Pedro Moreno 229 colonia Centro, Tonal\u00e1 Jalisco<br><strong>Correo Electr\u00f3nico: <\/strong>dir.mejoramientourbano@tonala.gob.mx<br>Curr\u00edculo<br><a href=\"https:\/\/portal-transparencia.tonala.gob.mx\/agenda-oficial-director-de-mejoramiento-urbano-salvador-castellanos-valladolid\/\">Agenda Oficial<\/a><\/td><\/tr><tr><td><img loading=\"lazy\" decoding=\"async\" width=\"400\" height=\"600\" class=\"wp-image-36366\" style=\"width: 400px;\" src=\"https:\/\/tonala.gob.mx\/portal\/wp-content\/uploads\/2024\/10\/VICTOR-COVARRUBIAS-scaled.jpg\" alt=\"\" srcset=\"https:\/\/tonala.gob.mx\/portal\/wp-content\/uploads\/2024\/10\/VICTOR-COVARRUBIAS-scaled.jpg 1707w, https:\/\/tonala.gob.mx\/portal\/wp-content\/uploads\/2024\/10\/VICTOR-COVARRUBIAS-200x300.jpg 200w, https:\/\/tonala.gob.mx\/portal\/wp-content\/uploads\/2024\/10\/VICTOR-COVARRUBIAS-683x1024.jpg 683w, https:\/\/tonala.gob.mx\/portal\/wp-content\/uploads\/2024\/10\/VICTOR-COVARRUBIAS-768x1152.jpg 768w, https:\/\/tonala.gob.mx\/portal\/wp-content\/uploads\/2024\/10\/VICTOR-COVARRUBIAS-1024x1536.jpg 1024w, https:\/\/tonala.gob.mx\/portal\/wp-content\/uploads\/2024\/10\/VICTOR-COVARRUBIAS-1365x2048.jpg 1365w\" sizes=\"(max-width: 400px) 100vw, 400px\" \/><\/td><td><strong>V\u00edctor M. Covarrubias Torres<\/strong><br><br>Jefatura de Balizamiento, Pintura y Rotulaci\u00f3n<\/td><td><strong>Tel\u00e9fono:<\/strong> 33 35 86 60 00 Ext. <br><strong>Domicilio: <\/strong>Pedro Moreno 229 colonia Centro, Tonal\u00e1 Jalisco<br><strong>Correo Electr\u00f3nico: <\/strong>jef.balizamientopintura@tonala.gob.mx<br>Curr\u00edculo<br><a href=\"https:\/\/portal-transparencia.tonala.gob.mx\/agenda-oficial-jefe-de-pintura-balizamiento-y-rotulacion-c-victor-manuel-covarrubias-torres\/\">Agenda Oficial<\/a><\/td><\/tr><tr><td><img loading=\"lazy\" decoding=\"async\" width=\"400\" height=\"600\" class=\"wp-image-36471\" style=\"width: 400px;\" src=\"https:\/\/tonala.gob.mx\/portal\/wp-content\/uploads\/2024\/10\/Rodrigo-Diaz-Arroyo-scaled.jpg\" alt=\"\" srcset=\"https:\/\/tonala.gob.mx\/portal\/wp-content\/uploads\/2024\/10\/Rodrigo-Diaz-Arroyo-scaled.jpg 1707w, https:\/\/tonala.gob.mx\/portal\/wp-content\/uploads\/2024\/10\/Rodrigo-Diaz-Arroyo-200x300.jpg 200w, https:\/\/tonala.gob.mx\/portal\/wp-content\/uploads\/2024\/10\/Rodrigo-Diaz-Arroyo-683x1024.jpg 683w, https:\/\/tonala.gob.mx\/portal\/wp-content\/uploads\/2024\/10\/Rodrigo-Diaz-Arroyo-768x1152.jpg 768w, https:\/\/tonala.gob.mx\/portal\/wp-content\/uploads\/2024\/10\/Rodrigo-Diaz-Arroyo-1024x1536.jpg 1024w, https:\/\/tonala.gob.mx\/portal\/wp-content\/uploads\/2024\/10\/Rodrigo-Diaz-Arroyo-1365x2048.jpg 1365w\" sizes=\"(max-width: 400px) 100vw, 400px\" \/><\/td><td><strong>Rodrigo D\u00edaz Arroyo<\/strong><br><br>Jefatura de Mantenimiento a \u00c1reas Deportivas y Recreativas<\/td><td><strong>Tel\u00e9fono: <\/strong>33 35 86 60 00 <br><strong>Domicilio:<\/strong> Pedro Moreno 229 colonia Centro, Tonal\u00e1 Jalisco<br><strong>Correo Electr\u00f3nico: <\/strong>jef.areasdeportivas@tonala.gob.mx<br>Curr\u00edculo<br>Agenda Oficial<\/td><\/tr><tr><td><img loading=\"lazy\" decoding=\"async\" width=\"400\" height=\"600\" class=\"wp-image-36324\" style=\"width: 400px;\" src=\"https:\/\/tonala.gob.mx\/portal\/wp-content\/uploads\/2024\/10\/IGNACIO-AGUAYO-scaled.jpg\" alt=\"\" srcset=\"https:\/\/tonala.gob.mx\/portal\/wp-content\/uploads\/2024\/10\/IGNACIO-AGUAYO-scaled.jpg 1707w, https:\/\/tonala.gob.mx\/portal\/wp-content\/uploads\/2024\/10\/IGNACIO-AGUAYO-200x300.jpg 200w, https:\/\/tonala.gob.mx\/portal\/wp-content\/uploads\/2024\/10\/IGNACIO-AGUAYO-683x1024.jpg 683w, https:\/\/tonala.gob.mx\/portal\/wp-content\/uploads\/2024\/10\/IGNACIO-AGUAYO-768x1152.jpg 768w, https:\/\/tonala.gob.mx\/portal\/wp-content\/uploads\/2024\/10\/IGNACIO-AGUAYO-1024x1536.jpg 1024w, https:\/\/tonala.gob.mx\/portal\/wp-content\/uploads\/2024\/10\/IGNACIO-AGUAYO-1365x2048.jpg 1365w\" sizes=\"(max-width: 400px) 100vw, 400px\" \/><\/td><td><strong>Ignacio Alfred Aguayo Esparza<\/strong><br><br>Jefatura de Mantenimiento al Centro Hist\u00f3rico<\/td><td><strong>Tel\u00e9fono:<\/strong> 33 35 86 60 00 Ext. 1150<br><strong>Domicilio: <\/strong>Calle Aldama 7  colonia Centro, Tonal\u00e1 Jalisco<br><strong>Correo Electr\u00f3nico: <\/strong>jef.centrohistorico@tonala.gob.mx<br>Curr\u00edculo<br>Agenda Oficial<\/td><\/tr><tr><td><img loading=\"lazy\" decoding=\"async\" width=\"400\" height=\"600\" class=\"wp-image-36674\" style=\"width: 400px;\" src=\"https:\/\/tonala.gob.mx\/portal\/wp-content\/uploads\/2024\/10\/Patricia-Carranza-Calderon-scaled.jpg\" alt=\"\" srcset=\"https:\/\/tonala.gob.mx\/portal\/wp-content\/uploads\/2024\/10\/Patricia-Carranza-Calderon-scaled.jpg 1707w, https:\/\/tonala.gob.mx\/portal\/wp-content\/uploads\/2024\/10\/Patricia-Carranza-Calderon-200x300.jpg 200w, https:\/\/tonala.gob.mx\/portal\/wp-content\/uploads\/2024\/10\/Patricia-Carranza-Calderon-683x1024.jpg 683w, https:\/\/tonala.gob.mx\/portal\/wp-content\/uploads\/2024\/10\/Patricia-Carranza-Calderon-768x1152.jpg 768w, https:\/\/tonala.gob.mx\/portal\/wp-content\/uploads\/2024\/10\/Patricia-Carranza-Calderon-1024x1536.jpg 1024w, https:\/\/tonala.gob.mx\/portal\/wp-content\/uploads\/2024\/10\/Patricia-Carranza-Calderon-1365x2048.jpg 1365w\" sizes=\"(max-width: 400px) 100vw, 400px\" \/><\/td><td><strong>Patricia Carranza Calder\u00f3n<br><\/strong>Jefatura de Mantenimiento a Plazas y Pol\u00edgonos Especiales<\/td><td>Tel\u00e9fono: 33 35 86 60 00 Ext. <br>Domicilio: Pedro Moreno 229 colonia Centro, Tonal\u00e1 Jalisco<br>Correo Electr\u00f3nico: jef.mantenimientoaplazas@tonala.gob.mx<br>Curr\u00edculo<br>Agenda Oficial<\/td><\/tr><tr><td><\/td><td><br>Jefatura de Saneamiento Urbano<\/td><td><strong>Tel\u00e9fono: <\/strong>33 38 37 40 84 Ext. 4084<br><strong>Domicilio:<\/strong> Cuauht\u00e9moc 300 colonia Centro, Tonal\u00e1 Jalisco<br><strong>Correo Electr\u00f3nico: <\/strong>jef.saneamientourbano@tonala.gob.mx<br>Curr\u00edculo<br>Agenda Oficial<\/td><\/tr><tr><td><img loading=\"lazy\" decoding=\"async\" width=\"400\" height=\"600\" class=\"wp-image-36336\" style=\"width: 400px;\" src=\"https:\/\/tonala.gob.mx\/portal\/wp-content\/uploads\/2024\/10\/JOSE-GONZALEZ-scaled.jpg\" alt=\"\" srcset=\"https:\/\/tonala.gob.mx\/portal\/wp-content\/uploads\/2024\/10\/JOSE-GONZALEZ-scaled.jpg 1707w, https:\/\/tonala.gob.mx\/portal\/wp-content\/uploads\/2024\/10\/JOSE-GONZALEZ-200x300.jpg 200w, https:\/\/tonala.gob.mx\/portal\/wp-content\/uploads\/2024\/10\/JOSE-GONZALEZ-683x1024.jpg 683w, https:\/\/tonala.gob.mx\/portal\/wp-content\/uploads\/2024\/10\/JOSE-GONZALEZ-768x1152.jpg 768w, https:\/\/tonala.gob.mx\/portal\/wp-content\/uploads\/2024\/10\/JOSE-GONZALEZ-1024x1536.jpg 1024w, https:\/\/tonala.gob.mx\/portal\/wp-content\/uploads\/2024\/10\/JOSE-GONZALEZ-1365x2048.jpg 1365w\" sizes=\"(max-width: 400px) 100vw, 400px\" \/><\/td><td><strong>Jos\u00e9 Rub\u00e9n Gonz\u00e1lez Guti\u00e9rrez<\/strong><br>Direcci\u00f3n de Mantenimiento de Pavimentos<\/td><td><strong>Tel\u00e9fono:<\/strong> 33 35 86 60 00 Ext. 229<br><strong>Domicilio:<\/strong> Pedro Moreno 229 colonia Centro, Tonal\u00e1 Jalisco<br><strong>Correo Electr\u00f3nico: <\/strong>dir.mantenimientopavimentos@tonala.gob.mx<br>Curr\u00edculo<br><a href=\"https:\/\/portal-transparencia.tonala.gob.mx\/agenda-oficial-director-de-mantenimiento-y-pavimentos-jose-ruben-gonzalez-gutierrez\/\">Agenda Oficial<\/a><\/td><\/tr><tr><td><img loading=\"lazy\" decoding=\"async\" width=\"400\" height=\"600\" class=\"wp-image-36666\" style=\"width: 400px;\" src=\"https:\/\/tonala.gob.mx\/portal\/wp-content\/uploads\/2024\/10\/Jose-Rojo-Guzman-scaled.jpg\" alt=\"\" srcset=\"https:\/\/tonala.gob.mx\/portal\/wp-content\/uploads\/2024\/10\/Jose-Rojo-Guzman-scaled.jpg 1707w, https:\/\/tonala.gob.mx\/portal\/wp-content\/uploads\/2024\/10\/Jose-Rojo-Guzman-200x300.jpg 200w, https:\/\/tonala.gob.mx\/portal\/wp-content\/uploads\/2024\/10\/Jose-Rojo-Guzman-683x1024.jpg 683w, https:\/\/tonala.gob.mx\/portal\/wp-content\/uploads\/2024\/10\/Jose-Rojo-Guzman-768x1152.jpg 768w, https:\/\/tonala.gob.mx\/portal\/wp-content\/uploads\/2024\/10\/Jose-Rojo-Guzman-1024x1536.jpg 1024w, https:\/\/tonala.gob.mx\/portal\/wp-content\/uploads\/2024\/10\/Jose-Rojo-Guzman-1365x2048.jpg 1365w\" sizes=\"(max-width: 400px) 100vw, 400px\" \/><\/td><td><strong>Jos\u00e9 Rojo Guzm\u00e1n<\/strong><br>Jefatura de Pavimentos<\/td><td>Tel\u00e9fono: 33 38 37 40 77 <br>Domicilio: Pedro Moreno 229 colonia Centro, Tonal\u00e1 Jalisco<br>Correo Electr\u00f3nico: jef.pavimentos@tonala.gob.mx<br>Curr\u00edculo<br>Agenda Oficial<\/td><\/tr><tr><td><img loading=\"lazy\" decoding=\"async\" width=\"400\" height=\"600\" class=\"wp-image-36660\" style=\"width: 400px;\" src=\"https:\/\/tonala.gob.mx\/portal\/wp-content\/uploads\/2024\/10\/Garcia-Acosta-Armando-scaled.jpg\" alt=\"\" srcset=\"https:\/\/tonala.gob.mx\/portal\/wp-content\/uploads\/2024\/10\/Garcia-Acosta-Armando-scaled.jpg 1707w, https:\/\/tonala.gob.mx\/portal\/wp-content\/uploads\/2024\/10\/Garcia-Acosta-Armando-200x300.jpg 200w, https:\/\/tonala.gob.mx\/portal\/wp-content\/uploads\/2024\/10\/Garcia-Acosta-Armando-683x1024.jpg 683w, https:\/\/tonala.gob.mx\/portal\/wp-content\/uploads\/2024\/10\/Garcia-Acosta-Armando-768x1152.jpg 768w, https:\/\/tonala.gob.mx\/portal\/wp-content\/uploads\/2024\/10\/Garcia-Acosta-Armando-1024x1536.jpg 1024w, https:\/\/tonala.gob.mx\/portal\/wp-content\/uploads\/2024\/10\/Garcia-Acosta-Armando-1365x2048.jpg 1365w\" sizes=\"(max-width: 400px) 100vw, 400px\" \/><\/td><td><strong>Armando Garc\u00eda Acosta<br><\/strong>Jefatura de Caminos y Empedrados<\/td><td>Tel\u00e9fono: 33 35 86 60 00 Ext. <br>Domicilio: Pedro Moreno 229 colonia Centro, Tonal\u00e1 Jalisco<br>Correo Electr\u00f3nico: jef.caminosyempedrados@tonala.gob.mx<br>Curr\u00edculo<br>Agenda Oficial<\/td><\/tr><tr><td><img loading=\"lazy\" decoding=\"async\" width=\"400\" height=\"600\" class=\"wp-image-36475\" style=\"width: 400px;\" src=\"https:\/\/tonala.gob.mx\/portal\/wp-content\/uploads\/2024\/10\/Servando-Suarez-Suarez-scaled.jpg\" alt=\"\" srcset=\"https:\/\/tonala.gob.mx\/portal\/wp-content\/uploads\/2024\/10\/Servando-Suarez-Suarez-scaled.jpg 1707w, https:\/\/tonala.gob.mx\/portal\/wp-content\/uploads\/2024\/10\/Servando-Suarez-Suarez-200x300.jpg 200w, https:\/\/tonala.gob.mx\/portal\/wp-content\/uploads\/2024\/10\/Servando-Suarez-Suarez-683x1024.jpg 683w, https:\/\/tonala.gob.mx\/portal\/wp-content\/uploads\/2024\/10\/Servando-Suarez-Suarez-768x1152.jpg 768w, https:\/\/tonala.gob.mx\/portal\/wp-content\/uploads\/2024\/10\/Servando-Suarez-Suarez-1024x1536.jpg 1024w, https:\/\/tonala.gob.mx\/portal\/wp-content\/uploads\/2024\/10\/Servando-Suarez-Suarez-1365x2048.jpg 1365w\" sizes=\"(max-width: 400px) 100vw, 400px\" \/><\/td><td><strong>Servando Suarez Suarez<\/strong><br>Direcci\u00f3n de Servicios Generales y Complementarios<\/td><td>Tel\u00e9fono: 33 35 86 60 00<br>Domicilio: Pedro Moreno 229 colonia Centro, Tonal\u00e1 Jalisco<br>Correo Electr\u00f3nico: dir.serviciosgenerales@tonala.gob.mx<br>Curr\u00edculo<br><a href=\"https:\/\/portal-transparencia.tonala.gob.mx\/agenda-oficial-director-de-servicios-generales-y-complementarios-servando-suarez-suarez\/\">Agenda Oficial<\/a><\/td><\/tr><tr><td><img loading=\"lazy\" decoding=\"async\" width=\"400\" height=\"600\" class=\"wp-image-36451\" style=\"width: 400px;\" src=\"https:\/\/tonala.gob.mx\/portal\/wp-content\/uploads\/2024\/10\/Jose-E.-Nogal-Jarero-scaled.jpg\" alt=\"\" srcset=\"https:\/\/tonala.gob.mx\/portal\/wp-content\/uploads\/2024\/10\/Jose-E.-Nogal-Jarero-scaled.jpg 1707w, https:\/\/tonala.gob.mx\/portal\/wp-content\/uploads\/2024\/10\/Jose-E.-Nogal-Jarero-200x300.jpg 200w, https:\/\/tonala.gob.mx\/portal\/wp-content\/uploads\/2024\/10\/Jose-E.-Nogal-Jarero-683x1024.jpg 683w, https:\/\/tonala.gob.mx\/portal\/wp-content\/uploads\/2024\/10\/Jose-E.-Nogal-Jarero-768x1152.jpg 768w, https:\/\/tonala.gob.mx\/portal\/wp-content\/uploads\/2024\/10\/Jose-E.-Nogal-Jarero-1024x1536.jpg 1024w, https:\/\/tonala.gob.mx\/portal\/wp-content\/uploads\/2024\/10\/Jose-E.-Nogal-Jarero-1365x2048.jpg 1365w\" sizes=\"(max-width: 400px) 100vw, 400px\" \/><\/td><td><strong>Jos\u00e9 Evaristo Nogal Jarero<\/strong><br>Jefatura de Cementerios<\/td><td><strong>Tel\u00e9fono:<\/strong> 33 12 00 39 22<br><strong>Domicilio:<\/strong> Pedro Moreno 229 colonia Centro, Tonal\u00e1 Jalisco<br><strong>Correo Electr\u00f3nico: <\/strong>jef.cementerios@tonala.gob.mx<br>Curr\u00edculo<br><a href=\"https:\/\/portal-transparencia.tonala.gob.mx\/agenda-oficial-jefe-de-cementerios-jose-evaristo-nogal-jarero\/\">Agenda Oficial<\/a><\/td><\/tr><tr><td><img loading=\"lazy\" decoding=\"async\" width=\"400\" height=\"600\" class=\"wp-image-36355\" style=\"width: 400px;\" src=\"https:\/\/tonala.gob.mx\/portal\/wp-content\/uploads\/2024\/10\/RAUL-SALCEDO-scaled.jpg\" alt=\"\" srcset=\"https:\/\/tonala.gob.mx\/portal\/wp-content\/uploads\/2024\/10\/RAUL-SALCEDO-scaled.jpg 1707w, https:\/\/tonala.gob.mx\/portal\/wp-content\/uploads\/2024\/10\/RAUL-SALCEDO-200x300.jpg 200w, https:\/\/tonala.gob.mx\/portal\/wp-content\/uploads\/2024\/10\/RAUL-SALCEDO-683x1024.jpg 683w, https:\/\/tonala.gob.mx\/portal\/wp-content\/uploads\/2024\/10\/RAUL-SALCEDO-768x1152.jpg 768w, https:\/\/tonala.gob.mx\/portal\/wp-content\/uploads\/2024\/10\/RAUL-SALCEDO-1024x1536.jpg 1024w, https:\/\/tonala.gob.mx\/portal\/wp-content\/uploads\/2024\/10\/RAUL-SALCEDO-1365x2048.jpg 1365w\" sizes=\"(max-width: 400px) 100vw, 400px\" \/><\/td><td><strong>Ra\u00fal Salcedo Ortiz<\/strong><br>Jefatura de Pipas<\/td><td><strong>Tel\u00e9fono: <\/strong>33 35 86 60 00 Ext. <br><strong>Domicilio:<\/strong> Pedro Moreno 229 colonia Centro, Tonal\u00e1 Jalisco<br><strong>Correo Electr\u00f3nico: <\/strong>jef.pipas@tonala.gob.mx<br>Curr\u00edculo<br><a href=\"https:\/\/portal-transparencia.tonala.gob.mx\/agenda-oficial-jefe-de-pipas-c-raul-salcedo-ortiz\/\">Agenda Oficial<\/a><\/td><\/tr><tr><td><img loading=\"lazy\" decoding=\"async\" width=\"400\" height=\"600\" class=\"wp-image-36658\" style=\"width: 400px;\" src=\"https:\/\/tonala.gob.mx\/portal\/wp-content\/uploads\/2024\/10\/Eduardo-David-Magana-Gonzalez-scaled.jpg\" alt=\"\" srcset=\"https:\/\/tonala.gob.mx\/portal\/wp-content\/uploads\/2024\/10\/Eduardo-David-Magana-Gonzalez-scaled.jpg 1707w, https:\/\/tonala.gob.mx\/portal\/wp-content\/uploads\/2024\/10\/Eduardo-David-Magana-Gonzalez-200x300.jpg 200w, https:\/\/tonala.gob.mx\/portal\/wp-content\/uploads\/2024\/10\/Eduardo-David-Magana-Gonzalez-683x1024.jpg 683w, https:\/\/tonala.gob.mx\/portal\/wp-content\/uploads\/2024\/10\/Eduardo-David-Magana-Gonzalez-768x1152.jpg 768w, https:\/\/tonala.gob.mx\/portal\/wp-content\/uploads\/2024\/10\/Eduardo-David-Magana-Gonzalez-1024x1536.jpg 1024w, https:\/\/tonala.gob.mx\/portal\/wp-content\/uploads\/2024\/10\/Eduardo-David-Magana-Gonzalez-1365x2048.jpg 1365w\" sizes=\"(max-width: 400px) 100vw, 400px\" \/><\/td><td><strong>Eduardo David Maga\u00f1a Gonz\u00e1lez<\/strong><br>Jefatura de Maquinaria Pesada<\/td><td><strong>Tel\u00e9fono: <\/strong>33 35 86 60 00 Ext. <br><strong>Domicilio: <\/strong>Pedro Moreno 229 colonia Centro, Tonal\u00e1 Jalisco<br><strong>Correo Electr\u00f3nico: <\/strong>jef.maquinariapesada@tonala.gob.mx<br>Curr\u00edculo<br><a href=\"https:\/\/portal-transparencia.tonala.gob.mx\/agenda-oficial-jefe-de-maquinaria-pesada-c-eduardo-david-magana-gonzalez\/\">Agenda Oficial<\/a><\/td><\/tr><tr><td><img loading=\"lazy\" decoding=\"async\" width=\"400\" height=\"600\" class=\"wp-image-36351\" style=\"width: 400px;\" src=\"https:\/\/tonala.gob.mx\/portal\/wp-content\/uploads\/2024\/10\/RAMIRO-RODRIGUEZ-ANGEL-scaled.jpg\" alt=\"\" srcset=\"https:\/\/tonala.gob.mx\/portal\/wp-content\/uploads\/2024\/10\/RAMIRO-RODRIGUEZ-ANGEL-scaled.jpg 1707w, https:\/\/tonala.gob.mx\/portal\/wp-content\/uploads\/2024\/10\/RAMIRO-RODRIGUEZ-ANGEL-200x300.jpg 200w, https:\/\/tonala.gob.mx\/portal\/wp-content\/uploads\/2024\/10\/RAMIRO-RODRIGUEZ-ANGEL-683x1024.jpg 683w, https:\/\/tonala.gob.mx\/portal\/wp-content\/uploads\/2024\/10\/RAMIRO-RODRIGUEZ-ANGEL-768x1152.jpg 768w, https:\/\/tonala.gob.mx\/portal\/wp-content\/uploads\/2024\/10\/RAMIRO-RODRIGUEZ-ANGEL-1024x1536.jpg 1024w, https:\/\/tonala.gob.mx\/portal\/wp-content\/uploads\/2024\/10\/RAMIRO-RODRIGUEZ-ANGEL-1365x2048.jpg 1365w\" sizes=\"(max-width: 400px) 100vw, 400px\" \/><\/td><td><strong>Ramiro Rodr\u00edguez \u00c1ngel<\/strong> <br>Jefatura de Mantenimiento de Edificios P\u00fablicos y Servicios Emergentes<\/td><td><strong>Tel\u00e9fono:<\/strong> 33 35 86 60 00 Ext. <br><strong>Domicilio: <\/strong>Pedro Moreno 229 colonia Centro, Tonal\u00e1 Jalisco<br><strong>Correo Electr\u00f3nico: <\/strong>edificiospublicosyserviciosemergentes@tonala.gob.mx<br>Curr\u00edculo<br><a href=\"https:\/\/portal-transparencia.tonala.gob.mx\/agenda-oficial-jefe-de-servicios-emergentes-c-ramiro-rodriguez-angel\/\">Agenda Oficial<\/a><\/td><\/tr><tr><td><\/td><td><strong>Adriana Leyva P\u00e9rez <br><\/strong>Direcci\u00f3n de Salud y Control Animal<\/td><td>Tel\u00e9fono: 33 35 86 60 00 Ext. <br>Domicilio: Pedro Moreno 229 colonia Centro, Tonal\u00e1 Jalisco<br>Correo Electr\u00f3nico: dir.controlysaludanimal@tonala.gob.mx<br>Curr\u00edculo<br>Agenda Oficial<\/td><\/tr><tr><td><\/td><td><br>Jefatura de Atenci\u00f3n Animal<\/td><td>Tel\u00e9fono: 33 35 86 60 00 Ext. <br>Domicilio: Pedro Moreno 229 colonia Centro, Tonal\u00e1 Jalisco<br>Correo Electr\u00f3nico: @tonala.gob.mx<br>Curr\u00edculo<br>Agenda Oficial<\/td><\/tr><tr><td><\/td><td><br>Jefatura de Control Animal<\/td><td>Tel\u00e9fono: 33 35 86 60 00 Ext. <br>Domicilio: Pedro Moreno 229 colonia Centro, Tonal\u00e1 Jalisco<br>Correo Electr\u00f3nico: @tonala.gob.mx<br>Curr\u00edculo<br>Agenda Oficial<\/td><\/tr><tr><td><\/td><td><strong>Carlos Aurelio Nava Neri<\/strong><br>Jefatura de Fauna Silvestre y Granja<\/td><td>Tel\u00e9fono: 33 35 86 60 00 Ext. <br>Domicilio: Pedro Moreno 229 colonia Centro, Tonal\u00e1 Jalisco<br>Correo Electr\u00f3nico: jef.faunasilvestreygranja@tonala.gob.mx<br>Curr\u00edculo<br>Agenda Oficial<\/td><\/tr><tr><td><img loading=\"lazy\" decoding=\"async\" width=\"400\" height=\"600\" class=\"wp-image-36659\" style=\"width: 400px;\" src=\"https:\/\/tonala.gob.mx\/portal\/wp-content\/uploads\/2024\/10\/Elvia-Maritza-Carrillo-Andrade-scaled.jpg\" alt=\"\" srcset=\"https:\/\/tonala.gob.mx\/portal\/wp-content\/uploads\/2024\/10\/Elvia-Maritza-Carrillo-Andrade-scaled.jpg 1707w, https:\/\/tonala.gob.mx\/portal\/wp-content\/uploads\/2024\/10\/Elvia-Maritza-Carrillo-Andrade-200x300.jpg 200w, https:\/\/tonala.gob.mx\/portal\/wp-content\/uploads\/2024\/10\/Elvia-Maritza-Carrillo-Andrade-683x1024.jpg 683w, https:\/\/tonala.gob.mx\/portal\/wp-content\/uploads\/2024\/10\/Elvia-Maritza-Carrillo-Andrade-768x1152.jpg 768w, https:\/\/tonala.gob.mx\/portal\/wp-content\/uploads\/2024\/10\/Elvia-Maritza-Carrillo-Andrade-1024x1536.jpg 1024w, https:\/\/tonala.gob.mx\/portal\/wp-content\/uploads\/2024\/10\/Elvia-Maritza-Carrillo-Andrade-1365x2048.jpg 1365w\" sizes=\"(max-width: 400px) 100vw, 400px\" \/><\/td><td><strong>Elvia Maritza Carrillo Andrade<\/strong><br>Direcci\u00f3n Administrativa<\/td><td><strong>Tel\u00e9fono:<\/strong> 33 35 86 60 00 Ext. 4074<br><strong>Domicilio: <\/strong>Pedro Moreno 229 colonia Centro, Tonal\u00e1 Jalisco<br><strong>Correo Electr\u00f3nico: <\/strong>dir.administrativa@tonala.gob.mx<br>Curr\u00edculo<br><a href=\"https:\/\/portal-transparencia.tonala.gob.mx\/agenda-oficial-directora-de-servicios-generales-lic-elvia-maritza-carrillo-andrade\/\">Agenda Oficial<\/a><\/td><\/tr><tr><td><\/td><td><br>Jefatura de Recursos Humanos<\/td><td><strong>Tel\u00e9fono: <\/strong>33 35 86 60 00 Ext. <br><strong>Domicilio:<\/strong> Pedro Moreno 229 colonia Centro, Tonal\u00e1 Jalisco<br><strong>Correo Electr\u00f3nico: <\/strong>jef.recursoshumanos@tonala.gob.mx<br>Curr\u00edculo<br>Agenda Oficial<\/td><\/tr><tr><td><img loading=\"lazy\" decoding=\"async\" width=\"400\" height=\"616\" class=\"wp-image-37490\" style=\"width: 400px;\" src=\"https:\/\/tonala.gob.mx\/portal\/wp-content\/uploads\/2025\/03\/GABRIEL-EDUARDO-GONZALEZ-GOMEZ-scaled-e1743445416489.jpg\" alt=\"\" srcset=\"https:\/\/tonala.gob.mx\/portal\/wp-content\/uploads\/2025\/03\/GABRIEL-EDUARDO-GONZALEZ-GOMEZ-scaled-e1743445416489.jpg 1613w, https:\/\/tonala.gob.mx\/portal\/wp-content\/uploads\/2025\/03\/GABRIEL-EDUARDO-GONZALEZ-GOMEZ-scaled-e1743445416489-195x300.jpg 195w, https:\/\/tonala.gob.mx\/portal\/wp-content\/uploads\/2025\/03\/GABRIEL-EDUARDO-GONZALEZ-GOMEZ-scaled-e1743445416489-665x1024.jpg 665w, https:\/\/tonala.gob.mx\/portal\/wp-content\/uploads\/2025\/03\/GABRIEL-EDUARDO-GONZALEZ-GOMEZ-scaled-e1743445416489-768x1182.jpg 768w, https:\/\/tonala.gob.mx\/portal\/wp-content\/uploads\/2025\/03\/GABRIEL-EDUARDO-GONZALEZ-GOMEZ-scaled-e1743445416489-998x1536.jpg 998w, https:\/\/tonala.gob.mx\/portal\/wp-content\/uploads\/2025\/03\/GABRIEL-EDUARDO-GONZALEZ-GOMEZ-scaled-e1743445416489-1330x2048.jpg 1330w\" sizes=\"(max-width: 400px) 100vw, 400px\" \/><\/td><td><strong>Gabriel Eduardo Gonz\u00e1lez G\u00f3mez<br><\/strong>Jefatura de Recursos Materiales<\/td><td>Tel\u00e9fono: 33 35 86 60 00 Ext. <br>Domicilio: Pedro Moreno 229 colonia Centro, Tonal\u00e1 Jalisco<br>Correo Electr\u00f3nico: jef.recursosmateriales@tonala.gob.mx<br>Curr\u00edculo<br>Agenda Oficial<\/td><\/tr><tr><td><img loading=\"lazy\" decoding=\"async\" width=\"400\" height=\"600\" class=\"wp-image-36356\" style=\"width: 400px;\" src=\"https:\/\/tonala.gob.mx\/portal\/wp-content\/uploads\/2024\/10\/RICARDO-ROMO_-scaled.jpg\" alt=\"\" srcset=\"https:\/\/tonala.gob.mx\/portal\/wp-content\/uploads\/2024\/10\/RICARDO-ROMO_-scaled.jpg 1707w, https:\/\/tonala.gob.mx\/portal\/wp-content\/uploads\/2024\/10\/RICARDO-ROMO_-200x300.jpg 200w, https:\/\/tonala.gob.mx\/portal\/wp-content\/uploads\/2024\/10\/RICARDO-ROMO_-683x1024.jpg 683w, https:\/\/tonala.gob.mx\/portal\/wp-content\/uploads\/2024\/10\/RICARDO-ROMO_-768x1152.jpg 768w, https:\/\/tonala.gob.mx\/portal\/wp-content\/uploads\/2024\/10\/RICARDO-ROMO_-1024x1536.jpg 1024w, https:\/\/tonala.gob.mx\/portal\/wp-content\/uploads\/2024\/10\/RICARDO-ROMO_-1365x2048.jpg 1365w\" sizes=\"(max-width: 400px) 100vw, 400px\" \/><\/td><td><strong>Ricardo Romo Ol\u00e1ez<\/strong><br>Jefatura de Taller Municipal<\/td><td><strong>Tel\u00e9fono:<\/strong> 33 35 86 60 00 Ext. <br><strong>Domicilio: <\/strong>Pedro Moreno 229 colonia Centro, Tonal\u00e1 Jalisco<br><strong>Correo Electr\u00f3nico: <\/strong>jef.tallermunicipal@tonala.gob.mx<br>Curr\u00edculo<br>Agenda Oficial<\/td><\/tr><\/tbody><\/table><\/figure>\n\n\n\n<p><\/p>\n","protected":false},"excerpt":{"rendered":"<p>Rufino Arteaga P\u00e9rezDirecci\u00f3n General de Servicios P\u00fablicos Municipales Tel\u00e9fono: 33 35 86 60 00 Ext. Domicilio: Cuauht\u00e9moc 300 colonia Centro,<\/p>\n","protected":false},"author":1,"featured_media":0,"parent":0,"menu_order":0,"comment_status":"closed","ping_status":"closed","template":"","meta":{"colormag_page_container_layout":"default_layout","colormag_page_sidebar_layout":"default_layout","footnotes":""},"class_list":["post-541","page","type-page","status-publish","hentry"],"_links":{"self":[{"href":"https:\/\/tonala.gob.mx\/portal\/wp-json\/wp\/v2\/pages\/541","targetHints":{"allow":["GET"]}}],"collection":[{"href":"https:\/\/tonala.gob.mx\/portal\/wp-json\/wp\/v2\/pages"}],"about":[{"href":"https:\/\/tonala.gob.mx\/portal\/wp-json\/wp\/v2\/types\/page"}],"author":[{"embeddable":true,"href":"https:\/\/tonala.gob.mx\/portal\/wp-json\/wp\/v2\/users\/1"}],"replies":[{"embeddable":true,"href":"https:\/\/tonala.gob.mx\/portal\/wp-json\/wp\/v2\/comments?post=541"}],"version-history":[{"count":234,"href":"https:\/\/tonala.gob.mx\/portal\/wp-json\/wp\/v2\/pages\/541\/revisions"}],"predecessor-version":[{"id":38812,"href":"https:\/\/tonala.gob.mx\/portal\/wp-json\/wp\/v2\/pages\/541\/revisions\/38812"}],"wp:attachment":[{"href":"https:\/\/tonala.gob.mx\/portal\/wp-json\/wp\/v2\/media?parent=541"}],"curies":[{"name":"wp","href":"https:\/\/api.w.org\/{rel}","templated":true}]}}