{"id":5336,"date":"2016-09-15T14:46:03","date_gmt":"2016-09-15T14:46:03","guid":{"rendered":"http:\/\/tonala.gob.mx\/portal\/?page_id=5336"},"modified":"2018-07-31T13:26:38","modified_gmt":"2018-07-31T19:26:38","slug":"mercados-y-centrales-de-abasto","status":"publish","type":"page","link":"https:\/\/tonala.gob.mx\/portal\/mercados-y-centrales-de-abasto\/","title":{"rendered":"Mercados y Centrales de Abasto"},"content":{"rendered":"<p><strong><a href=\"https:\/\/tonala.gob.mx\/portal\/wp-content\/uploads\/2016\/05\/PROGRAMA-DE-TRABAJO-SALVADOR-CASTA%C3%91EDA-GUILLEN.pdf\">Plan de Trabajo<\/a>\u00a02015-2018<\/strong><\/p>\n<p><strong>A\u00f1o 2015<\/strong><\/p>\n<p><strong>[expand title=\u00bbComisi\u00f3n Mercados y Centrales de Abasto 9 de Octubre de 2015&#8243;] <\/strong><\/p>\n<p><a href=\"https:\/\/tonala.gob.mx\/portal\/wp-content\/uploads\/2016\/09\/Mercados_Y_Centrales_de_Abasto_9_Octubre_2015.pdf\">Mercados y Centrales de Abasto 9 de Octubre 2015<\/a><\/p>\n<p><a href=\"https:\/\/tonala.gob.mx\/portal\/wp-content\/uploads\/2016\/09\/O.D.Mercados_Y_Centrales_de_Abasto_9_Octubre_2015.pdf\">O.D. Mercados y Centrales de Abasto 9 de Octubre 2015<\/a><\/p>\n<p><a href=\"https:\/\/tonala.gob.mx\/portal\/wp-content\/uploads\/2016\/09\/Asistencia-Mercados-y-Centrales-de-Abasto-9-de-octubre-2015.pdf\">Asistencia Mercados y Centrales de Abasto 9 de Octubre 2015<\/a><\/p>\n<p>[\/expand]<\/p>\n<p><strong>[expand title=\u00bbComisi\u00f3n Mercados y Centrales de Abasto 30 de Noviembre de 2015&#8243;]<\/strong><\/p>\n<p><a href=\"https:\/\/tonala.gob.mx\/portal\/wp-content\/uploads\/2016\/09\/Mercados_Y_Centrales_de_Abasto_30_Noviembre_2015.pdf\">Mercados y Centrales de Abasto 30 de Noviembre 2015<\/a><\/p>\n<p><a href=\"https:\/\/tonala.gob.mx\/portal\/wp-content\/uploads\/2016\/09\/O.D._Mercados_Y_Centrales_de_Abasto_30_Noviembre_2015.pdf\">O.D. Mercados y Centrales de Abasto 30 de Noviembre 2015<\/a><\/p>\n<p><a href=\"https:\/\/tonala.gob.mx\/portal\/wp-content\/uploads\/2016\/09\/Asistencia_Mercados_Y_Centrales_de_Abasto_30_Noviembre_2015.pdf\">Asistencia Mercados y Centrales de Abasto 30 de Noviembre 2015<\/a><\/p>\n<p>[\/expand]<\/p>\n<p><strong>[expand title=\u00bbComisi\u00f3n Mercados y Centrales de Abasto 02 de Diciembre de 2015&#8243;]<\/strong><\/p>\n<p><a href=\"https:\/\/tonala.gob.mx\/portal\/wp-content\/uploads\/2016\/10\/Mercados_y_Centrales_Abasto_02_diciembre_2016.pdf\">Mercados y Centrales de Abasto 02 de Diciembre de 2015<\/a><\/p>\n<p><a href=\"https:\/\/tonala.gob.mx\/portal\/wp-content\/uploads\/2016\/10\/O.D._Mercados_y_Centrales_Abasto_02_diciembre_2016.pdf\">O.D. Mercados y Centrales de Abasto 02 de Diciembre de 2015<\/a><\/p>\n<p><a href=\"https:\/\/tonala.gob.mx\/portal\/wp-content\/uploads\/2016\/10\/Asistencia_Mercados_y_Centrales_Abasto_02_diciembre_2016.pdf\">Asistencia Mercados y Centrales de 02 de Diciembre de 2015<\/a><\/p>\n<p>[\/expand]<\/p>\n<p><strong>A\u00f1o 2016<\/strong><\/p>\n<p><strong>[expand title=\u00bbComisi\u00f3n Mercados y Centrales de Abasto 26 de Enero de 2016&#8243;]<\/strong><\/p>\n<p><a href=\"https:\/\/tonala.gob.mx\/portal\/wp-content\/uploads\/2016\/10\/Mercados_y_Centrales_Abasto_26_Enero_2016.pdf\">Mercados y Centrales de Abasto 26 de Enero de 2016<\/a><\/p>\n<p><a href=\"https:\/\/tonala.gob.mx\/portal\/wp-content\/uploads\/2016\/10\/O.D._Mercados_y_Centrales_Abasto_26_Enero_2016.pdf\">O.D. Mercados y Centrales de Abasto 26 de Enero de 2016<\/a><\/p>\n<p><a href=\"https:\/\/tonala.gob.mx\/portal\/wp-content\/uploads\/2016\/10\/Asistencia_Mercados_y_Centrales_Abasto_26_Enero_2016.pdf\">Asistencia Mercados y Centrales de 26 de Enero de 2016<\/a><\/p>\n<p>[\/expand]<\/p>\n<p><strong>[expand title=\u00bbComisi\u00f3n Mercados y Centrales de Abasto 25 de Febrero de 2016&#8243;]<\/strong><\/p>\n<p><a href=\"https:\/\/tonala.gob.mx\/portal\/wp-content\/uploads\/2016\/10\/Mercados-y-Centrales-de-Abasto-25-de-Febrero-de-2016.pdf\">Mercados y Centrales de Abasto 25 de Febrero de 2016<\/a><\/p>\n<p><a href=\"https:\/\/tonala.gob.mx\/portal\/wp-content\/uploads\/2016\/10\/O.D._Mercados-y-Centrales-de-Abasto-25-de-Febrero-de-2016.pdf\">O.D. Mercados y Centrales de Abasto 25 de Febrero de 2016<\/a><\/p>\n<p><a href=\"https:\/\/tonala.gob.mx\/portal\/wp-content\/uploads\/2016\/10\/Asistencia_Mercados-y-Centrales-de-Abasto-25-de-Febrero-de-2016.pdf\">Asistencia Mercados y Centrales de 25 de Febrero de 2016<\/a><\/p>\n<p>[\/expand]<\/p>\n<p><strong>[expand title=\u00bbComisi\u00f3n Mercados y Centrales de Abasto 08 de Marzo de 2016&#8243;]<\/strong><\/p>\n<p><a href=\"https:\/\/tonala.gob.mx\/portal\/wp-content\/uploads\/2016\/10\/Centrales_Abasto_Y_Mercados_08_Marzo_2016.pdf\">Mercados y Centrales de Abasto 08 de Marzo de 2016<\/a><\/p>\n<p><a href=\"https:\/\/tonala.gob.mx\/portal\/wp-content\/uploads\/2016\/10\/O.D._Centrales_Abasto_Y_Mercados_08_Marzo_2016.pdf\">O.D. Mercados y Centrales de Abasto 08 de Marzo de 2016<\/a><\/p>\n<p><a href=\"https:\/\/tonala.gob.mx\/portal\/wp-content\/uploads\/2016\/10\/Asistencia_Centrales_Abasto_Y_Mercados_08_Marzo_2016.pdf\">Asistencia Mercados y Centrales de 08 de Marzo de 2016<\/a><\/p>\n<p>[\/expand]<\/p>\n<p><strong>[expand title=\u00bbComisi\u00f3n Mercados y Centrales de Abasto 11 de Abril de 2016&#8243;]<\/strong><\/p>\n<p><a href=\"https:\/\/tonala.gob.mx\/portal\/wp-content\/uploads\/2016\/10\/Mercados-y-Centrales-de-Abasto-11-de-Abril-de-2016.pdf\">Mercados y Centrales de Abasto 11 de Abril de 2016<\/a><\/p>\n<p><a href=\"https:\/\/tonala.gob.mx\/portal\/wp-content\/uploads\/2016\/10\/O.D._Mercados-y-Centrales-de-Abasto-11-de-Abril-de-2016.pdf\">O.D. Mercados y Centrales de Abasto 11 de Abril de 2016<\/a><\/p>\n<p><a href=\"https:\/\/tonala.gob.mx\/portal\/wp-content\/uploads\/2016\/10\/Asistencia_Mercados-y-Centrales-de-Abasto-11-de-Abril-de-2016.pdf\">Asistencia Mercados y Centrales de 11 de Abril de 2016<\/a><\/p>\n<p>[\/expand]<\/p>\n<p><strong>[expand title=\u00bbComisi\u00f3n Mercados y Centrales de Abasto 18 de Mayo de 2016&#8243;]<\/strong><\/p>\n<p><a href=\"https:\/\/tonala.gob.mx\/portal\/wp-content\/uploads\/2016\/10\/Mercados_Centrales_Abasto_18_Mayo_2016.pdf\">Mercados y Centrales de Abasto 18 de Mayo de 2016<\/a><\/p>\n<p><a href=\"https:\/\/tonala.gob.mx\/portal\/wp-content\/uploads\/2016\/10\/O.D._Mercados_Centrales_Abasto_18_Mayo_2016.pdf\">O.D. Mercados y Centrales de Abasto 18 de Mayo de 2016<\/a><\/p>\n<p><a href=\"https:\/\/tonala.gob.mx\/portal\/wp-content\/uploads\/2016\/10\/Asistencia_Mercados_Centrales_Abasto_18_Mayo_2016.pdf\">Asistencia Mercados y Centrales de 18 de Mayo de 2016<\/a><\/p>\n<p>[\/expand]<\/p>\n<p><strong>[expand title=\u00bbComisi\u00f3n Mercados y Centrales de Abasto 22 de Junio de 2016&#8243;]<\/strong><\/p>\n<p><a href=\"https:\/\/tonala.gob.mx\/portal\/wp-content\/uploads\/2016\/10\/Mercados_Centrales_Abasto_22_Junio_2016.pdf\">Mercados y Centrales de Abasto 22 de Junio de 2016<\/a><\/p>\n<p><a href=\"https:\/\/tonala.gob.mx\/portal\/wp-content\/uploads\/2016\/10\/O.D._Mercados_Centrales_Abasto_22_Junio_2016.pdf\">O.D. Mercados y Centrales de Abasto 22 de Junio de 2016<\/a><\/p>\n<p><a href=\"https:\/\/tonala.gob.mx\/portal\/wp-content\/uploads\/2016\/10\/Asistencia_Mercados_Centrales_Abasto_22_Junio_2016.pdf\">Asistencia Mercados y Centrales de 22 de Junio de 2016<\/a><\/p>\n<p>[\/expand]<\/p>\n<p><strong>[expand title=\u00bbComisi\u00f3n Mercados y Centrales de Abasto 07 Julio 2016&#8243;]<\/strong><\/p>\n<p><a href=\"https:\/\/tonala.gob.mx\/portal\/wp-content\/uploads\/2017\/02\/Comisi\u00f3n-Mercados-y-Centrales-de-Abasto-07-Julio-2016.pdf\">Comisi\u00f3n Mercados y Centrales de Abasto 07 Julio 2016<\/a><\/p>\n<p><a href=\"https:\/\/tonala.gob.mx\/portal\/wp-content\/uploads\/2017\/02\/O.D.-Comisi\u00f3n-Mercados-y-Centrales-de-Abasto.pdf\">O.D. Comisi\u00f3n Mercados y Centrales de Abasto 07 Julio 2016<\/a><\/p>\n<p><a href=\"https:\/\/tonala.gob.mx\/portal\/wp-content\/uploads\/2017\/02\/Asistencia-Mercados-y-Centrales-de-Abasto-07-Julio-2016.pdf\">Asistencia Comisi\u00f3n Mercados y Centrales de Abasto 07 Julio 2016<\/a><\/p>\n<p>[\/expand]<\/p>\n<p><strong>[expand title=\u00bbComisi\u00f3n Mercados y Centrales de Abasto 30 Agosto 2016&#8243;]<\/strong><\/p>\n<p><a href=\"https:\/\/tonala.gob.mx\/portal\/wp-content\/uploads\/2017\/02\/Comisi\u00f3n-Mercados-y-Centrales-de-Abasto-30-Agosto-2016.pdf\">Comisi\u00f3n Mercados y Centrales de Abasto \u00a030 Agosto 2016<\/a><\/p>\n<p><a href=\"https:\/\/tonala.gob.mx\/portal\/wp-content\/uploads\/2017\/02\/O.D.-Mercados-y-Centrales-de-Abasto-30-Agosto-2016.pdf\">O.D. Comisi\u00f3n Mercados y Centrales de Abasto \u00a030 Agosto 2016<\/a><\/p>\n<p><a href=\"https:\/\/tonala.gob.mx\/portal\/wp-content\/uploads\/2017\/02\/Asistencia-Mercados-y-Centrales-de-Abasto-20-Agosto-2016.pdf\">Asistencia Comisi\u00f3n Mercados y Centrales de Abasto \u00a030 Agosto 2016<\/a><\/p>\n<p>[\/expand]<\/p>\n<p><strong>[expand title=\u00bbComisi\u00f3n Mercados y Centrales de Abasto 27 Septiembre 2016&#8243;]<\/strong><\/p>\n<p><a href=\"https:\/\/tonala.gob.mx\/portal\/wp-content\/uploads\/2017\/02\/Comisi\u00f3n-Mercados-y-Centrales-de-Abasto-27-Septiembre-2016.pdf\">Comisi\u00f3n Mercados y Centrales de Abasto 27 Septiembre 2016<\/a><\/p>\n<p><a href=\"https:\/\/tonala.gob.mx\/portal\/wp-content\/uploads\/2017\/02\/O.D.-Mercados-y-Centrales-de-Abasto-27-Septiembre-2016.pdf\">O.D. Comisi\u00f3n Mercados y Centrales de Abasto 27 Septiembre 2016<\/a><\/p>\n<p><a href=\"https:\/\/tonala.gob.mx\/portal\/wp-content\/uploads\/2017\/02\/Asistencia-Mercados-y-Centrales-de-Abasto-27-Septiembre-2016.pdf\">Asistencia Comisi\u00f3n Mercados y Centrales de Abasto 27 Septiembre 2016<\/a><\/p>\n<p>[\/expand]<\/p>\n<p><strong>[expand title=\u00bbSesi\u00f3n Conjunta Reglamentos, Puntos Constitucionales Redacci\u00f3n y Estilo, Mercados y Centrales de Abasto, Artesan\u00edas, Desarrollo Urbano y Habitaci\u00f3n Popular 24 Octubre 2016&#8243;]<\/strong><\/p>\n<p><a href=\"https:\/\/tonala.gob.mx\/portal\/wp-content\/uploads\/2017\/02\/Lista-de-Asistencia-241016-Sesi\u00f3n-Conjunta-de-Comisiones-Edilicias.pdf\">Asistencia \u00a0Sesi\u00f3n Conjunta Reglamentos, Puntos Constitucionales Redacci\u00f3n y Estilo, Mercados y Centrales de Abasto, Artesan\u00edas, Desarrollo Urbano y Habitaci\u00f3n Popular<\/a><\/p>\n<p><a href=\"https:\/\/tonala.gob.mx\/portal\/wp-content\/uploads\/2017\/02\/Lista-de-Asistencia-Reanudaci\u00f3n-de-Sesi\u00f3n-Conjunta.pdf\">Reanudaci\u00f3n Asistencia\u00a0Sesi\u00f3n Conjunta Reglamentos, Puntos Constitucionales Redacci\u00f3n y Estilo, Mercados y Centrales de Abasto, Artesan\u00edas, Desarrollo Urbano y Habitaci\u00f3n Popular 24 Octubre 2016<\/a><\/p>\n<p><a href=\"https:\/\/tonala.gob.mx\/portal\/wp-content\/uploads\/2017\/02\/Orden-del-D\u00eda-211016-Sesi\u00f3n-Conjunta-de-Comisiones-Edilicias.pdf\">O.D. Sesi\u00f3n Conjunta Reglamentos, Puntos Constitucionales Redacci\u00f3n y Estilo, Mercados y Centrales de Abasto, Artesan\u00edas, Desarrollo Urbano y Habitaci\u00f3n Popular 21 Octubre 2016<\/a><\/p>\n<p><a href=\"https:\/\/tonala.gob.mx\/portal\/wp-content\/uploads\/2017\/02\/Orden-del-D\u00eda-241016-Sesi\u00f3n-Conjunta-de-Comisiones-Edilicias.pdf\">O.D. Sesi\u00f3n Conjunta Reglamentos, Puntos Constitucionales Redacci\u00f3n y Estilo, Mercados y Centrales de Abasto, Artesan\u00edas, Desarrollo Urbano y Habitaci\u00f3n Popular 24 Octubre 2016<\/a><\/p>\n<p><a href=\"https:\/\/tonala.gob.mx\/portal\/wp-content\/uploads\/2017\/02\/Orden-del-D\u00eda-Reanudaci\u00f3n-de-Sesi\u00f3n-Conjunta.pdf\">O.D. Reanudaci\u00f3n Sesi\u00f3n Conjunta Reglamentos, Puntos Constitucionales Redacci\u00f3n y Estilo, Mercados y Centrales de Abasto, Artesan\u00edas, Desarrollo Urbano y Habitaci\u00f3n Popular 24 Octubre 2016<\/a><\/p>\n<p>[\/expand]<\/p>\n<p><strong>[expand title=\u00bbComisi\u00f3n Mercados y Centrales de Abasto 16 Noviembre 2016&#8243;]<\/strong><\/p>\n<p><a href=\"https:\/\/tonala.gob.mx\/portal\/wp-content\/uploads\/2017\/03\/Minuta-Comisi\u00f3n-Mercados-y-Centrales-de-Abasto-16-Noviembre-2016.pdf\">Minuta Comisi\u00f3n Mercados y Centrales de Abasto 16 Noviembre 2016<\/a><\/p>\n<p>[\/expand]<\/p>\n<p><strong>[expand title=\u00bbComisi\u00f3n Mercados y Centrales de Abasto 16 Diciembre 2016&#8243;]<\/strong><\/p>\n<p><a href=\"https:\/\/tonala.gob.mx\/portal\/wp-content\/uploads\/2017\/03\/Minuta-Comisi\u00f3n-Mercados-y-Centrales-de-Abasto-16-Diciembre-2016.pdf\">Minuta Comisi\u00f3n Mercados y Centrales de Abasto 16 Diciembre 2016<\/a><\/p>\n<p>[\/expand]<\/p>\n<p><strong>2017<\/strong><\/p>\n<p><strong>[expand title=\u00bbComisi\u00f3n Mercados y Centrales de Abasto 25 Enero 2017&#8243;]<\/strong><\/p>\n<p><a href=\"https:\/\/tonala.gob.mx\/portal\/wp-content\/uploads\/2017\/07\/Minuta-Comision-de-Mercados-y-Centrales-de-Abastos-25-Enero-2017.pdf\">Minuta Comisi\u00f3n Mercados y Centrales de Abasto 25 Enero 2017<\/a><\/p>\n<p>[\/expand]<\/p>\n<p><strong>[expand title=\u00bbComisi\u00f3n Mercados y Centrales de Abasto 27 Febrero 2017&#8243;]<\/strong><\/p>\n<p><a href=\"https:\/\/tonala.gob.mx\/portal\/wp-content\/uploads\/2017\/07\/Minuta-Comisi\u00f3n-Mercados-y-Centrales-de-Abastos-27-Febrero-2017.pdf\">Minuta Comisi\u00f3n Mercados y Centrales de Abasto 27 Febrero 2017<\/a><\/p>\n<p>[\/expand]<\/p>\n<p><strong>[expand title=\u00bbComisi\u00f3n Mercados y Centrales de Abasto 07 Marzo 2017&#8243;]<\/strong><\/p>\n<p><a href=\"https:\/\/tonala.gob.mx\/portal\/wp-content\/uploads\/2017\/07\/Minuta-Comisi\u00f3n-Mercados-y-Centrales-de-Abastos-07-Marzo-2017.pdf\">Minuta Comisi\u00f3n Mercados y Centrales de Abasto 07 Marzo 2017<\/a><\/p>\n<p>[\/expand]<\/p>\n<p><strong>[expand title=\u00bbComisi\u00f3n Mercados y Centrales de Abasto 28 Abril 2017&#8243;]<\/strong><\/p>\n<p><a href=\"https:\/\/tonala.gob.mx\/portal\/wp-content\/uploads\/2017\/08\/Minuta-Comisi\u00f3n-Mercados-y-Centrales-de-Abasto-28-Abril-2017.pdf\">Minuta Comisi\u00f3n Mercados y Centrales de Abasto 28 Abril 2017<\/a><\/p>\n<p>[\/expand]<\/p>\n<p><strong>[expand title=\u00bbComisi\u00f3n Mercados y Centrales de Abasto 16 Mayo 2017&#8243;]<\/strong><\/p>\n<p><a href=\"https:\/\/tonala.gob.mx\/portal\/wp-content\/uploads\/2017\/07\/Minuta-Comisi\u00f3n-Mercados-y-Centrales-de-Abasto-16-Mayo-2017.pdf\">Minuta Comisi\u00f3n Mercados y Centrales de Abasto 16 Mayo 2017<\/a><\/p>\n<p>[\/expand]<\/p>\n<p><strong>[expand title=\u00bbComisi\u00f3n Mercados y Centrales de Abasto 13 Junio 2017&#8243;]<\/strong><\/p>\n<p><a href=\"https:\/\/tonala.gob.mx\/portal\/wp-content\/uploads\/2017\/08\/Minuta-Comisi\u00f3n-Mercados-y-Centrales-de-Abasto-13-Junio-2017.pdf\">Minuta Comisi\u00f3n Mercados y Centrales de Abasto 13 Junio 2017<\/a><\/p>\n<p>[\/expand]<\/p>\n<p><strong>[expand title=\u00bbComisi\u00f3n Mercados y Centrales de Abasto 18 Julio 2017&#8243;]<\/strong><\/p>\n<p><a href=\"https:\/\/tonala.gob.mx\/portal\/wp-content\/uploads\/2017\/08\/Minuta-Comisi\u00f3n-Mercados-y-Centrales-de-Abasto-18-Julio-2017.pdf\">Minuta Comisi\u00f3n Mercados y Centrales de Abasto 18 Julio 2017<\/a><\/p>\n<p>[\/expand]<\/p>\n<p><strong>[expand title=\u00bbComisi\u00f3n Mercados y Centrales de Abasto 24 Agosto 2017&#8243;]<\/strong><\/p>\n<p><a href=\"https:\/\/tonala.gob.mx\/portal\/wp-content\/uploads\/2017\/09\/Minuta-Comisi\u00f3n-Mercados-y-Centrales-de-Abastos-24-Agosto-2017.pdf\">Minuta Comisi\u00f3n Mercados y Centrales de Abasto 24 Agosto 2017<\/a><\/p>\n<p>[\/expand]<\/p>\n<p><strong>[expand title=\u00bbComisi\u00f3n Mercados y Centrales de Abasto 05 Septiembre 2017&#8243;]<\/strong><\/p>\n<p><a href=\"https:\/\/tonala.gob.mx\/portal\/wp-content\/uploads\/2017\/10\/Minuta-Comisi\u00f3n-Mercados-y-Centrales-de-Abasto-05-Septiembre-2017.pdf\">Minuta Comisi\u00f3n Mercados y Centrales de Abasto 05 Septiembre 2017<\/a><\/p>\n<p>[\/expand]<\/p>\n<p><strong>[expand title=\u00bbComisi\u00f3n Mercados y Centrales de Abasto 20 Octubre 2017&#8243;]<\/strong><\/p>\n<p><a href=\"https:\/\/tonala.gob.mx\/portal\/wp-content\/uploads\/2017\/11\/Minuta-Comisi\u00f3n-Mercados-y-Centrales-de-Abasto-20-Octubre-2017.pdf\">Minuta Comisi\u00f3n Mercados y Centrales de Abasto 20 Octubre 2017<\/a><\/p>\n<p>[\/expand]<\/p>\n<p><strong>[expand title=\u00bbComisi\u00f3n Mercados y Centrales de Abasto 23 Noviembre 2017&#8243;]<\/strong><\/p>\n<p><a href=\"https:\/\/tonala.gob.mx\/portal\/wp-content\/uploads\/2018\/02\/Minuta-Comisi\u00f3n-Mercados-y-Centrales-de-Abasto-23-Noviembre-2017.pdf\">Minuta Comisi\u00f3n Mercados y Centrales de Abasto 23 Noviembre 2017<\/a><\/p>\n<p>[\/expand]<\/p>\n<p><strong>[expand title=\u00bbComisi\u00f3n Mercados y Centrales de Abasto 14 Diciembre 2017&#8243;]<\/strong><\/p>\n<p><a href=\"https:\/\/tonala.gob.mx\/portal\/wp-content\/uploads\/2018\/02\/Minuta-Comisi\u00f3n-Mercados-y-Centrales-de-Abasto-14-Diciembre-2017.pdf\">Minuta Comisi\u00f3n Mercados y Centrales de Abasto 14 Diciembre 2017<\/a><\/p>\n<p>[\/expand]<\/p>\n<p><strong>2018<\/strong><\/p>\n<p><strong>[expand title=\u00bbComisi\u00f3n Mercados y Centrales de Abasto 16 Enero 2018&#8243;]<\/strong><\/p>\n<p><a href=\"https:\/\/tonala.gob.mx\/portal\/wp-content\/uploads\/2018\/03\/Minuta-Comisi\u00f3n-Mercados-y-Centrales-de-Abasto-16-Enero-2018.pdf\">Minuta Comisi\u00f3n Mercados y Centrales de Abasto 16 Enero 2018<\/a><\/p>\n<p>[\/expand]<\/p>\n<p><strong>[expand title=\u00bbComisi\u00f3n Mercados y Centrales de Abastos 30 Enero 2018&#8243;]<\/strong><\/p>\n<p><a href=\"https:\/\/tonala.gob.mx\/portal\/wp-content\/uploads\/2018\/07\/Minuta-Comisi\u00f3n-Mercados-y-Centrales-de-Abasto-30-Enero-2018.pdf\">Minuta Comisi\u00f3n Mercados y Centrales de Abastos 30 Enero 2018<\/a><\/p>\n<p>[\/expand]<\/p>\n<p><strong>[expand title=\u00bbComisi\u00f3n Mercados y Centrales de Abastos 26 Febrero 2018&#8243;]<\/strong><\/p>\n<p><a href=\"https:\/\/tonala.gob.mx\/portal\/wp-content\/uploads\/2018\/07\/Minuta-Comisi\u00f3n-Mercados-y-Centrales-de-Abasto-26-Febrero-2018.pdf\">Minuta Comisi\u00f3n Mercados y Centrales de Abastos 26 Febrero 2018 2018<\/a><\/p>\n<p>[\/expand]<\/p>\n<p><strong>[expand title=\u00bbComisi\u00f3n Mercados y Centrales de Abastos 23 Marzo 2018&#8243;]<\/strong><\/p>\n<p><a href=\"https:\/\/tonala.gob.mx\/portal\/wp-content\/uploads\/2018\/07\/Minuta-Comisi\u00f3n-Mercados-y-Centrales-de-Abasto-23-Marzo-2018.pdf\">Minuta Comisi\u00f3n Mercados y Centrales de Abastos 23 Marzo 2018<\/a><\/p>\n<p>[\/expand]<\/p>\n<p><strong>[expand title=\u00bbComisi\u00f3n Mercados y Centrales de Abastos 27 Abril 2018&#8243;]<\/strong><\/p>\n<p><a href=\"https:\/\/tonala.gob.mx\/portal\/wp-content\/uploads\/2018\/07\/Minuta-Comisi\u00f3n-Mercados-y-Centrales-de-Abasto-27-Abril-2018.pdf\">Minuta Comisi\u00f3n Mercados y Centrales de Abastos 27 Abril 2018<\/a><\/p>\n<p>[\/expand]<\/p>\n<p><strong>[expand title=\u00bbComisi\u00f3n Mercados y Centrales de Abastos 29 Junio 2018&#8243;]<\/strong><\/p>\n<p><a href=\"https:\/\/tonala.gob.mx\/portal\/wp-content\/uploads\/2018\/07\/Minuta-Comisi\u00f3n-Mercados-y-Centrales-de-Abasto-29-Junio-2018.pdf\">Minuta Comisi\u00f3n Mercados y Centrales de Abastos 29 Junio 2018<\/a><\/p>\n<p>[\/expand]<\/p>\n","protected":false},"excerpt":{"rendered":"<p>Plan de Trabajo\u00a02015-2018 A\u00f1o 2015 [expand title=\u00bbComisi\u00f3n Mercados y Centrales de Abasto 9 de Octubre de 2015&#8243;] Mercados y Centrales<\/p>\n","protected":false},"author":1,"featured_media":0,"parent":0,"menu_order":0,"comment_status":"closed","ping_status":"closed","template":"","meta":{"colormag_page_container_layout":"default_layout","colormag_page_sidebar_layout":"default_layout","footnotes":""},"class_list":["post-5336","page","type-page","status-publish","hentry"],"_links":{"self":[{"href":"https:\/\/tonala.gob.mx\/portal\/wp-json\/wp\/v2\/pages\/5336","targetHints":{"allow":["GET"]}}],"collection":[{"href":"https:\/\/tonala.gob.mx\/portal\/wp-json\/wp\/v2\/pages"}],"about":[{"href":"https:\/\/tonala.gob.mx\/portal\/wp-json\/wp\/v2\/types\/page"}],"author":[{"embeddable":true,"href":"https:\/\/tonala.gob.mx\/portal\/wp-json\/wp\/v2\/users\/1"}],"replies":[{"embeddable":true,"href":"https:\/\/tonala.gob.mx\/portal\/wp-json\/wp\/v2\/comments?post=5336"}],"version-history":[{"count":30,"href":"https:\/\/tonala.gob.mx\/portal\/wp-json\/wp\/v2\/pages\/5336\/revisions"}],"predecessor-version":[{"id":19323,"href":"https:\/\/tonala.gob.mx\/portal\/wp-json\/wp\/v2\/pages\/5336\/revisions\/19323"}],"wp:attachment":[{"href":"https:\/\/tonala.gob.mx\/portal\/wp-json\/wp\/v2\/media?parent=5336"}],"curies":[{"name":"wp","href":"https:\/\/api.w.org\/{rel}","templated":true}]}}